{"id":1546,"date":"2020-11-02T18:51:43","date_gmt":"2020-11-02T18:51:43","guid":{"rendered":"http:\/\/www.reprolam.com\/?page_id=1546"},"modified":"2020-11-02T18:53:02","modified_gmt":"2020-11-02T18:53:02","slug":"reuniones-efectuadas-en-el-marco-de-reprolam","status":"publish","type":"page","link":"http:\/\/www.reprolam.com\/?page_id=1546","title":{"rendered":"Reuniones efectuadas en el marco de REPROLAM."},"content":{"rendered":"<div id=\"pl-gb1546-69f483f2bb544\"  class=\"panel-layout\" ><div id=\"pg-gb1546-69f483f2bb544-0\"  class=\"panel-grid panel-no-style\" ><div id=\"pgc-gb1546-69f483f2bb544-0-0\"  class=\"panel-grid-cell\" ><div id=\"panel-gb1546-69f483f2bb544-0-0-0\" class=\"so-panel widget widget_sow-editor panel-first-child panel-last-child\" data-index=\"0\" ><div class=\"panel-widget-style panel-widget-style-for-gb1546-69f483f2bb544-0-0-0\" ><div\n\t\t\t\n\t\t\tclass=\"so-widget-sow-editor so-widget-sow-editor-base\"\n\t\t\t\n\t\t>\n<div class=\"siteorigin-widget-tinymce textwidget\">\n\t<p>&nbsp;<\/p>\n<p style=\"text-align: justify;\"><span style=\"color: #000080;\"><strong>Abril 2012<\/strong><\/span>, Reuni\u00f3n Regional sobre la Organizaci\u00f3n de TSO Sao Paulo,Brasil. Se realiza la propuesta de grupos de trabajo y se hace la propuesta de las primeras intercompaciones.<\/p>\n<p style=\"text-align: justify;\"><span style=\"color: #000080;\"><strong>Mayo 2015<\/strong><\/span><strong>, <\/strong>Reuni\u00f3n Regional para Evaluar los Ejercicios de Intercomparaciones en materia de Monitorizaci\u00f3n de la Exposici\u00f3n Ocupacional. M\u00e9xico. Propuesta de grupos de trabajo: Externa, Interna, Puesto Trabajo. Propuesta de intercomparaciones: mecanismo, protocolos.<\/p>\n<p style=\"text-align: justify;\"><span style=\"color: #000080;\"><strong>Octubre 2017<\/strong><\/span><strong>,<\/strong> Reuni\u00f3n Regional sobre Evaluaci\u00f3n de Dosis en situaciones de sobreexposici\u00f3n. RLA9075, BuenosAires, Argentina. Creados Grupos: G1-Dosimetr\u00eda Biol\u00f3gica \/ G2-Dosimetr\u00eda F\u00edsica \/ G3-Dosimetr\u00eda Computacional.<\/p>\n<p style=\"text-align: justify;\"><strong><span style=\"color: #000080;\">Febrero 2018<\/span>,<\/strong> Reuni\u00f3n de Coordinaci\u00f3n del Proyecto de Cooperaci\u00f3n T\u00e9cnica RLA\/9\/075. Actualizado el comit\u00e9 Directivo de REPROLAM. (Brasil \u2013 Luiz Ernesto Matta, Cuba \u2013 Daniel Molina P\u00e9rez, \u00a0Chile-Leslie Anne Vironneau Janicek)<\/p>\n<p style=\"text-align: justify;\"><span style=\"color: #000080;\"><strong>Octubre 2018<\/strong><\/span>, Reuni\u00f3n del comit\u00e9 directivo de la red de protecci\u00f3n radiol\u00f3gica ocupacional \u2013 REPROLAM. Recife, 15 a 17 Octubre de 2018. Modificada composici\u00f3n y estructura de la Red. Desapareci\u00f3 la figura del Representante Nacional, cuyo lugar ser\u00e1 ocupado por los Coordinadores de \u00c1reas Tem\u00e1ticas. Se incorpor\u00f3 a Erika Pedemonti de Argentina al Comit\u00e9 Directivo. Revisadas intercomparaciones regionales. Propuesta de intercomparaciones para las diferentes \u00c1reas Tem\u00e1ticas.<\/p>\n<\/div>\n<\/div><\/div><\/div><\/div><div id=\"pgc-gb1546-69f483f2bb544-0-1\"  class=\"panel-grid-cell\" ><div id=\"panel-gb1546-69f483f2bb544-0-1-0\" class=\"so-panel widget widget_sow-simple-masonry panel-first-child panel-last-child\" data-index=\"1\" ><div\n\t\t\t\n\t\t\tclass=\"so-widget-sow-simple-masonry so-widget-sow-simple-masonry-default-e14a0aa780eb-1546\"\n\t\t\t\n\t\t>\n\n\t<div class=\"sow-masonry-grid-preloader\"><div><\/div><div><\/div><div><\/div><div><\/div><\/div>\n<div class=\"sow-masonry-grid\"\n\tdata-layouts=\"{&quot;desktop&quot;:{&quot;numColumns&quot;:1,&quot;rowHeight&quot;:0,&quot;gutter&quot;:2},&quot;tablet&quot;:{&quot;breakPoint&quot;:768,&quot;numColumns&quot;:1,&quot;rowHeight&quot;:2,&quot;gutter&quot;:0},&quot;mobile&quot;:{&quot;breakPoint&quot;:480,&quot;numColumns&quot;:1,&quot;rowHeight&quot;:0,&quot;gutter&quot;:2}}\" data-layout-origin-left=\"true\" style=\"opacity: 0;\">\n\t\t\t\t<div class=\"sow-masonry-grid-item\" data-col-span=\"1\"\n\t\t\t\tdata-row-span=\"1\">\n\t\t\t\t\n\t\t\t\t\n\t\t\t\t<img loading=\"lazy\" decoding=\"async\" width=\"1054\" height=\"683\" src=\"http:\/\/www.reprolam.com\/wp-content\/uploads\/2020\/11\/REUNION-1.jpg\" class=\"sow-masonry-grid-image\" alt=\"\" title=\"\" srcset=\"http:\/\/www.reprolam.com\/wp-content\/uploads\/2020\/11\/REUNION-1.jpg 1054w, http:\/\/www.reprolam.com\/wp-content\/uploads\/2020\/11\/REUNION-1-300x194.jpg 300w, http:\/\/www.reprolam.com\/wp-content\/uploads\/2020\/11\/REUNION-1-1024x664.jpg 1024w, http:\/\/www.reprolam.com\/wp-content\/uploads\/2020\/11\/REUNION-1-768x498.jpg 768w\" sizes=\"(max-width: 1054px) 100vw, 1054px\" \/>\n\t\t\t\t\n\t\t\t\t\t\t\t<\/div>\n\t\t\t\t\t\t<div class=\"sow-masonry-grid-item\" data-col-span=\"1\"\n\t\t\t\tdata-row-span=\"1\">\n\t\t\t\t\n\t\t\t\t\n\t\t\t\t<img loading=\"lazy\" decoding=\"async\" width=\"916\" height=\"488\" src=\"http:\/\/www.reprolam.com\/wp-content\/uploads\/2020\/11\/REUNION-4.jpg\" class=\"sow-masonry-grid-image\" alt=\"\" title=\"\" srcset=\"http:\/\/www.reprolam.com\/wp-content\/uploads\/2020\/11\/REUNION-4.jpg 916w, http:\/\/www.reprolam.com\/wp-content\/uploads\/2020\/11\/REUNION-4-300x160.jpg 300w, http:\/\/www.reprolam.com\/wp-content\/uploads\/2020\/11\/REUNION-4-768x409.jpg 768w\" sizes=\"(max-width: 916px) 100vw, 916px\" \/>\n\t\t\t\t\n\t\t\t\t\t\t\t<\/div>\n\t\t\t\t\t\t<div class=\"sow-masonry-grid-item\" data-col-span=\"1\"\n\t\t\t\tdata-row-span=\"1\">\n\t\t\t\t\n\t\t\t\t\n\t\t\t\t<img loading=\"lazy\" decoding=\"async\" width=\"2560\" height=\"1332\" src=\"http:\/\/www.reprolam.com\/wp-content\/uploads\/2020\/11\/REUNION-2-scaled.jpg\" class=\"sow-masonry-grid-image\" alt=\"\" title=\"REUNION-2\" srcset=\"http:\/\/www.reprolam.com\/wp-content\/uploads\/2020\/11\/REUNION-2-scaled.jpg 2560w, http:\/\/www.reprolam.com\/wp-content\/uploads\/2020\/11\/REUNION-2-300x156.jpg 300w, http:\/\/www.reprolam.com\/wp-content\/uploads\/2020\/11\/REUNION-2-1024x533.jpg 1024w, http:\/\/www.reprolam.com\/wp-content\/uploads\/2020\/11\/REUNION-2-768x400.jpg 768w, http:\/\/www.reprolam.com\/wp-content\/uploads\/2020\/11\/REUNION-2-1536x799.jpg 1536w, http:\/\/www.reprolam.com\/wp-content\/uploads\/2020\/11\/REUNION-2-2048x1066.jpg 2048w\" sizes=\"(max-width: 2560px) 100vw, 2560px\" \/>\n\t\t\t\t\n\t\t\t\t\t\t\t<\/div>\n\t\t\t\n<\/div>\n<\/div><\/div><\/div><\/div><\/div>","protected":false},"excerpt":{"rendered":"<p>&nbsp; Abril 2012, Reuni\u00f3n Regional sobre la Organizaci\u00f3n de TSO Sao Paulo,Brasil. Se realiza la propuesta de grupos de trabajo y se hace la propuesta de las primeras intercompaciones. Mayo 2015, Reuni\u00f3n Regional para Evaluar los Ejercicios de Intercomparaciones en<\/p>\n","protected":false},"author":1,"featured_media":0,"parent":0,"menu_order":0,"comment_status":"closed","ping_status":"closed","template":"page-templates\/page-builder.php","meta":{"footnotes":""},"_links":{"self":[{"href":"http:\/\/www.reprolam.com\/index.php?rest_route=\/wp\/v2\/pages\/1546"}],"collection":[{"href":"http:\/\/www.reprolam.com\/index.php?rest_route=\/wp\/v2\/pages"}],"about":[{"href":"http:\/\/www.reprolam.com\/index.php?rest_route=\/wp\/v2\/types\/page"}],"author":[{"embeddable":true,"href":"http:\/\/www.reprolam.com\/index.php?rest_route=\/wp\/v2\/users\/1"}],"replies":[{"embeddable":true,"href":"http:\/\/www.reprolam.com\/index.php?rest_route=%2Fwp%2Fv2%2Fcomments&post=1546"}],"version-history":[{"count":3,"href":"http:\/\/www.reprolam.com\/index.php?rest_route=\/wp\/v2\/pages\/1546\/revisions"}],"predecessor-version":[{"id":1552,"href":"http:\/\/www.reprolam.com\/index.php?rest_route=\/wp\/v2\/pages\/1546\/revisions\/1552"}],"wp:attachment":[{"href":"http:\/\/www.reprolam.com\/index.php?rest_route=%2Fwp%2Fv2%2Fmedia&parent=1546"}],"curies":[{"name":"wp","href":"https:\/\/api.w.org\/{rel}","templated":true}]}}