{"id":2211,"date":"2021-05-03T14:40:24","date_gmt":"2021-05-03T14:40:24","guid":{"rendered":"http:\/\/www.reprolam.com\/?page_id=2211"},"modified":"2025-01-31T16:08:45","modified_gmt":"2025-01-31T16:08:45","slug":"webminar-de-reprolam","status":"publish","type":"page","link":"http:\/\/www.reprolam.com\/?page_id=2211","title":{"rendered":"Webinar de REPROLAM"},"content":{"rendered":"<div id=\"pl-gb2211-69f747fa31fe0\"  class=\"panel-layout panel-layout\" ><div id=\"pg-gb2211-69f747fa31fe0-0\"  class=\"panel-grid panel-no-style\" ><div id=\"pgc-gb2211-69f747fa31fe0-0-0\"  class=\"panel-grid-cell panel-grid-cell-mobile-last\" ><div id=\"panel-gb2211-69f747fa31fe0-0-0-0\" class=\"so-panel widget widget_sow-editor panel-first-child panel-last-child\" data-index=\"0\" ><div\n\t\t\t\n\t\t\tclass=\"so-widget-sow-editor so-widget-sow-editor-base\"\n\t\t\t\n\t\t>\n<div class=\"siteorigin-widget-tinymce textwidget\">\n\t<\/div>\n<\/div><\/div><\/div><div id=\"pgc-gb2211-69f747fa31fe0-0-1\"  class=\"panel-grid-cell panel-grid-cell-empty\" ><\/div><\/div><\/div>\n\n<div id=\"pl-gb2211-69f747fa32c39\"  class=\"panel-layout panel-layout\" ><div id=\"pg-gb2211-69f747fa32c39-0\"  class=\"panel-grid panel-has-style\" ><div class=\"panel-row-style panel-row-style-for-gb2211-69f747fa32c39-0\" ><div id=\"pgc-gb2211-69f747fa32c39-0-0\"  class=\"panel-grid-cell\" ><div id=\"panel-gb2211-69f747fa32c39-0-0-0\" class=\"so-panel widget widget_siteorigin-panels-builder panel-first-child panel-last-child\" data-index=\"0\" ><div class=\"panel-widget-style panel-widget-style-for-gb2211-69f747fa32c39-0-0-0\" ><div id=\"pl-w679cf50d503ac\"  class=\"panel-layout panel-layout\" ><div id=\"pg-w679cf50d503ac-0\"  class=\"panel-grid panel-no-style\" ><div id=\"pgc-w679cf50d503ac-0-0\"  class=\"panel-grid-cell\" ><div id=\"panel-w679cf50d503ac-0-0-0\" class=\"so-panel widget widget_sow-image panel-first-child panel-last-child\" data-index=\"0\" ><div\n\t\t\t\n\t\t\tclass=\"so-widget-sow-image so-widget-sow-image-default-8b5b6f678277\"\n\t\t\t\n\t\t>\n<div class=\"sow-image-container\">\n\t\t<img \n\tsrc=\"http:\/\/www.reprolam.com\/wp-content\/uploads\/2025\/01\/REPROLAM-WEBINAR-DIC2024-1-300x169.jpg\" width=\"300\" height=\"169\" srcset=\"http:\/\/www.reprolam.com\/wp-content\/uploads\/2025\/01\/REPROLAM-WEBINAR-DIC2024-1-300x169.jpg 300w, http:\/\/www.reprolam.com\/wp-content\/uploads\/2025\/01\/REPROLAM-WEBINAR-DIC2024-1-1024x576.jpg 1024w, http:\/\/www.reprolam.com\/wp-content\/uploads\/2025\/01\/REPROLAM-WEBINAR-DIC2024-1-768x432.jpg 768w, http:\/\/www.reprolam.com\/wp-content\/uploads\/2025\/01\/REPROLAM-WEBINAR-DIC2024-1-1536x864.jpg 1536w, http:\/\/www.reprolam.com\/wp-content\/uploads\/2025\/01\/REPROLAM-WEBINAR-DIC2024-1.jpg 1920w\" sizes=\"(max-width: 300px) 100vw, 300px\" alt=\"\" \t\tclass=\"so-widget-image\"\/>\n\t<\/div>\n\n<\/div><\/div><\/div><div id=\"pgc-w679cf50d503ac-0-1\"  class=\"panel-grid-cell\" ><div id=\"panel-w679cf50d503ac-0-1-0\" class=\"so-panel widget widget_sow-editor panel-first-child panel-last-child\" data-index=\"1\" ><div\n\t\t\t\n\t\t\tclass=\"so-widget-sow-editor so-widget-sow-editor-base\"\n\t\t\t\n\t\t>\n<div class=\"siteorigin-widget-tinymce textwidget\">\n\t<table style=\"border-collapse: collapse; width: 100%;\" border=\"1\">\n<tbody>\n<tr style=\"height: 24px;\">\n<td style=\"width: 6.5055%; border-style: hidden; vertical-align: top; height: 51px;\"><img loading=\"lazy\" decoding=\"async\" class=\"aligncenter size-full wp-image-653\" src=\"http:\/\/www.reprolam.com\/wp-content\/uploads\/2020\/10\/3313576-24.png\" alt=\"\" width=\"24\" height=\"24\" \/><\/td>\n<td style=\"width: 93.4945%; border-style: hidden; vertical-align: top; height: 51px;\">Video Conferencia REPROLAM, \u201cEvaluaci\u00f3n de Riesgos Biol\u00f3gicos en Embarazadas y Pediatr\u00eda por contaminaci\u00f3n Radioactiva en Medicina Nuclear\u201d, 13 de Diciembre 2024 &#8211; 15 hs de Brasil (<a class=\"keychainify-checked\" href=\"https:\/\/youtu.be\/gbYz1BAlIxE\" target=\"_blank\" rel=\"noopener\">https:\/\/youtu.be\/gbYz1BAlIxE<\/a>)<\/p>\n<p><strong>CONFERENCISTA<\/strong>:<\/p>\n<p><strong>Dr. Augusto Giussani<\/strong><\/p>\n<p>Federal Office for Radiation Protection. External and internal dosimetry, biokinetics<br \/>\nAlemania<\/p>\n<\/td>\n<\/tr>\n<\/tbody>\n<\/table>\n<\/div>\n<\/div><\/div><\/div><\/div><div id=\"pg-w679cf50d503ac-1\"  class=\"panel-grid panel-no-style\" ><div id=\"pgc-w679cf50d503ac-1-0\"  class=\"panel-grid-cell\" ><div id=\"panel-w679cf50d503ac-1-0-0\" class=\"so-panel widget widget_sow-image panel-first-child panel-last-child\" data-index=\"2\" ><div\n\t\t\t\n\t\t\tclass=\"so-widget-sow-image so-widget-sow-image-default-8b5b6f678277\"\n\t\t\t\n\t\t>\n<div class=\"sow-image-container\">\n\t\t<img \n\tsrc=\"http:\/\/www.reprolam.com\/wp-content\/uploads\/2024\/10\/webinar-OCTUBRE-REPROLAM-300x186.jpg\" width=\"300\" height=\"186\" srcset=\"http:\/\/www.reprolam.com\/wp-content\/uploads\/2024\/10\/webinar-OCTUBRE-REPROLAM-300x186.jpg 300w, http:\/\/www.reprolam.com\/wp-content\/uploads\/2024\/10\/webinar-OCTUBRE-REPROLAM-1024x633.jpg 1024w, http:\/\/www.reprolam.com\/wp-content\/uploads\/2024\/10\/webinar-OCTUBRE-REPROLAM-768x475.jpg 768w, http:\/\/www.reprolam.com\/wp-content\/uploads\/2024\/10\/webinar-OCTUBRE-REPROLAM.jpg 1169w\" sizes=\"(max-width: 300px) 100vw, 300px\" title=\"webinar OCTUBRE-REPROLAM\" alt=\"\" \t\tclass=\"so-widget-image\"\/>\n\t<\/div>\n\n<\/div><\/div><\/div><div id=\"pgc-w679cf50d503ac-1-1\"  class=\"panel-grid-cell\" ><div id=\"panel-w679cf50d503ac-1-1-0\" class=\"so-panel widget widget_sow-editor panel-first-child panel-last-child\" data-index=\"3\" ><div\n\t\t\t\n\t\t\tclass=\"so-widget-sow-editor so-widget-sow-editor-base\"\n\t\t\t\n\t\t>\n<div class=\"siteorigin-widget-tinymce textwidget\">\n\t<table style=\"border-collapse: collapse; width: 100%;\" border=\"1\">\n<tbody>\n<tr style=\"height: 24px;\">\n<td style=\"width: 6.5055%; border-style: hidden; vertical-align: top; height: 51px;\"><img loading=\"lazy\" decoding=\"async\" class=\"aligncenter size-full wp-image-653\" src=\"http:\/\/www.reprolam.com\/wp-content\/uploads\/2020\/10\/3313576-24.png\" alt=\"\" width=\"24\" height=\"24\" \/><\/td>\n<td style=\"width: 93.4945%; border-style: hidden; vertical-align: top; height: 51px;\">Video Conferencia REPROLAM, \u201cEfectos biol\u00f3gicos de las radiaciones ionizantes en el embarazo\u201d, Mi\u00e9rcoles 23 de octubre 2024 -15 hs de Brasil (<a class=\"keychainify-checked\" href=\"https:\/\/youtu.be\/fdBYNtQdxrs\" target=\"_blank\" rel=\"noopener\">https:\/\/youtu.be\/fdBYNtQdxrs<\/a>)<\/p>\n<p><strong>CONFERENCISTA<\/strong>:<\/p>\n<ul>\n<li>Mariella Ter\u00e1n<\/li>\n<\/ul>\n<p>Prof. Agregado de Radioqu\u00edmica Universidad de la Rep\u00fablica Uruguay<\/p>\n<\/td>\n<\/tr>\n<\/tbody>\n<\/table>\n<\/div>\n<\/div><\/div><\/div><\/div><div id=\"pg-w679cf50d503ac-2\"  class=\"panel-grid panel-no-style\" ><div id=\"pgc-w679cf50d503ac-2-0\"  class=\"panel-grid-cell\" ><div id=\"panel-w679cf50d503ac-2-0-0\" class=\"so-panel widget widget_sow-image panel-first-child panel-last-child\" data-index=\"4\" ><div\n\t\t\t\n\t\t\tclass=\"so-widget-sow-image so-widget-sow-image-default-8b5b6f678277\"\n\t\t\t\n\t\t>\n<div class=\"sow-image-container\">\n\t\t<img \n\tsrc=\"http:\/\/www.reprolam.com\/wp-content\/uploads\/2024\/10\/Webinar-Septiembre-2024-300x208.jpg\" width=\"300\" height=\"208\" srcset=\"http:\/\/www.reprolam.com\/wp-content\/uploads\/2024\/10\/Webinar-Septiembre-2024-300x208.jpg 300w, http:\/\/www.reprolam.com\/wp-content\/uploads\/2024\/10\/Webinar-Septiembre-2024-1024x709.jpg 1024w, http:\/\/www.reprolam.com\/wp-content\/uploads\/2024\/10\/Webinar-Septiembre-2024-768x532.jpg 768w, http:\/\/www.reprolam.com\/wp-content\/uploads\/2024\/10\/Webinar-Septiembre-2024.jpg 1040w\" sizes=\"(max-width: 300px) 100vw, 300px\" alt=\"\" \t\tclass=\"so-widget-image\"\/>\n\t<\/div>\n\n<\/div><\/div><\/div><div id=\"pgc-w679cf50d503ac-2-1\"  class=\"panel-grid-cell\" ><div id=\"panel-w679cf50d503ac-2-1-0\" class=\"so-panel widget widget_sow-editor panel-first-child panel-last-child\" data-index=\"5\" ><div\n\t\t\t\n\t\t\tclass=\"so-widget-sow-editor so-widget-sow-editor-base\"\n\t\t\t\n\t\t>\n<div class=\"siteorigin-widget-tinymce textwidget\">\n\t<table style=\"border-collapse: collapse; width: 100%;\" border=\"1\">\n<tbody>\n<tr style=\"height: 24px;\">\n<td style=\"width: 6.5055%; border-style: hidden; vertical-align: top; height: 51px;\"><img loading=\"lazy\" decoding=\"async\" class=\"aligncenter size-full wp-image-653\" src=\"http:\/\/www.reprolam.com\/wp-content\/uploads\/2020\/10\/3313576-24.png\" alt=\"\" width=\"24\" height=\"24\" \/><\/td>\n<td style=\"width: 93.4945%; border-style: hidden; vertical-align: top; height: 51px;\">Video Conferencia REPROLAM, \u201cNuevos Modelos Biocin\u00e9ticos y Dosim\u00e9tricos de la ICRP y los correspondientes Coeficientes de Dosis\u201d, 11 de setiembre 2024 -15 hs de Brasil (<a href=\"https:\/\/youtu.be\/ezVVtk_iWSQ\" target=\"_blank\" rel=\"noopener\">https:\/\/youtu.be\/ezVVtk_iWSQ<\/a>)<\/p>\n<h6><\/h6>\n<p><strong>CONFERENCISTA<\/strong>:<\/p>\n<ul>\n<li>Luiz Bertelli<\/li>\n<\/ul>\n<p>Experto en dosimetr\u00eda interna de Los Alamos (retirado)<\/p>\n<\/td>\n<\/tr>\n<\/tbody>\n<\/table>\n<\/div>\n<\/div><\/div><\/div><\/div><div id=\"pg-w679cf50d503ac-3\"  class=\"panel-grid panel-no-style\" ><div id=\"pgc-w679cf50d503ac-3-0\"  class=\"panel-grid-cell\" ><div id=\"panel-w679cf50d503ac-3-0-0\" class=\"so-panel widget widget_sow-image panel-first-child panel-last-child\" data-index=\"6\" ><div\n\t\t\t\n\t\t\tclass=\"so-widget-sow-image so-widget-sow-image-default-8b5b6f678277\"\n\t\t\t\n\t\t>\n<div class=\"sow-image-container\">\n\t\t<img \n\tsrc=\"http:\/\/www.reprolam.com\/wp-content\/uploads\/2024\/10\/webminar2024-300x208.jpg\" width=\"300\" height=\"208\" srcset=\"http:\/\/www.reprolam.com\/wp-content\/uploads\/2024\/10\/webminar2024-300x208.jpg 300w, http:\/\/www.reprolam.com\/wp-content\/uploads\/2024\/10\/webminar2024-1024x709.jpg 1024w, http:\/\/www.reprolam.com\/wp-content\/uploads\/2024\/10\/webminar2024-768x532.jpg 768w, http:\/\/www.reprolam.com\/wp-content\/uploads\/2024\/10\/webminar2024.jpg 1040w\" sizes=\"(max-width: 300px) 100vw, 300px\" alt=\"\" \t\tclass=\"so-widget-image\"\/>\n\t<\/div>\n\n<\/div><\/div><\/div><div id=\"pgc-w679cf50d503ac-3-1\"  class=\"panel-grid-cell\" ><div id=\"panel-w679cf50d503ac-3-1-0\" class=\"so-panel widget widget_sow-editor panel-first-child panel-last-child\" data-index=\"7\" ><div\n\t\t\t\n\t\t\tclass=\"so-widget-sow-editor so-widget-sow-editor-base\"\n\t\t\t\n\t\t>\n<div class=\"siteorigin-widget-tinymce textwidget\">\n\t<table style=\"border-collapse: collapse; width: 100%;\" border=\"1\">\n<tbody>\n<tr style=\"height: 24px;\">\n<td style=\"width: 6.5055%; border-style: hidden; vertical-align: top; height: 51px;\"><img loading=\"lazy\" decoding=\"async\" class=\"aligncenter size-full wp-image-653\" src=\"http:\/\/www.reprolam.com\/wp-content\/uploads\/2020\/10\/3313576-24.png\" alt=\"\" width=\"24\" height=\"24\" \/><\/td>\n<td style=\"width: 93.4945%; border-style: hidden; vertical-align: top; height: 51px;\">\n<ul>\n<li>Video Conferencia REPROLAM, \u201cHerramientas clave para la decisi\u00f3n de implementar una terapia de\u00a0Decorporaci\u00f3n en situaciones de Contaminaci\u00f3n Interna\u201d, 7 de agosto 2024 -15 hs de Brasil<strong>\u00a0\u00a0 <\/strong>( <a href=\"https:\/\/youtu.be\/3_EEVJHPN9g\" target=\"_blank\" rel=\"noopener\">https:\/\/youtu.be\/3_EEVJHPN9g<\/a>)<\/li>\n<\/ul>\n<h6><\/h6>\n<p><strong>CONFERENCISTA<\/strong>:<\/p>\n<ul>\n<li>Arlene Alves dos Reis<br \/>\n(Divis\u00e3o de Dosimetria IRD\/CNEN)<\/li>\n<\/ul>\n<\/td>\n<\/tr>\n<\/tbody>\n<\/table>\n<\/div>\n<\/div><\/div><\/div><\/div><div id=\"pg-w679cf50d503ac-4\"  class=\"panel-grid panel-no-style\" ><div id=\"pgc-w679cf50d503ac-4-0\"  class=\"panel-grid-cell\" ><div id=\"panel-w679cf50d503ac-4-0-0\" class=\"so-panel widget widget_sow-image panel-first-child panel-last-child\" data-index=\"8\" ><div\n\t\t\t\n\t\t\tclass=\"so-widget-sow-image so-widget-sow-image-default-8b5b6f678277\"\n\t\t\t\n\t\t>\n<div class=\"sow-image-container\">\n\t\t<img \n\tsrc=\"http:\/\/www.reprolam.com\/wp-content\/uploads\/2023\/11\/Webinar-Radiosensibiidad-300x185.jpg\" width=\"300\" height=\"185\" srcset=\"http:\/\/www.reprolam.com\/wp-content\/uploads\/2023\/11\/Webinar-Radiosensibiidad-300x185.jpg 300w, http:\/\/www.reprolam.com\/wp-content\/uploads\/2023\/11\/Webinar-Radiosensibiidad-768x475.jpg 768w, http:\/\/www.reprolam.com\/wp-content\/uploads\/2023\/11\/Webinar-Radiosensibiidad.jpg 987w\" sizes=\"(max-width: 300px) 100vw, 300px\" alt=\"\" \t\tclass=\"so-widget-image\"\/>\n\t<\/div>\n\n<\/div><\/div><\/div><div id=\"pgc-w679cf50d503ac-4-1\"  class=\"panel-grid-cell\" ><div id=\"panel-w679cf50d503ac-4-1-0\" class=\"so-panel widget widget_sow-editor panel-first-child panel-last-child\" data-index=\"9\" ><div\n\t\t\t\n\t\t\tclass=\"so-widget-sow-editor so-widget-sow-editor-base\"\n\t\t\t\n\t\t>\n<div class=\"siteorigin-widget-tinymce textwidget\">\n\t<table style=\"border-collapse: collapse; width: 100%;\" border=\"1\">\n<tbody>\n<tr style=\"height: 24px;\">\n<td style=\"width: 6.5055%; border-style: hidden; vertical-align: top; height: 51px;\"><img loading=\"lazy\" decoding=\"async\" class=\"aligncenter size-full wp-image-653\" src=\"http:\/\/www.reprolam.com\/wp-content\/uploads\/2020\/10\/3313576-24.png\" alt=\"\" width=\"24\" height=\"24\" \/><\/td>\n<td style=\"width: 93.4945%; border-style: hidden; vertical-align: top; height: 51px;\">Video Conferencia REPROLAM, \u201cRadiosensibilidad individual: Ensayos Predictivos y su aplicabilidad en casos de exposici\u00f3n a radiaciones ionizantes\u201d,\u00a0 17 de Octubre del 2023, (<a href=\"https:\/\/youtu.be\/xFK47T1xKIY\">https:\/\/youtu.be\/xFK47T1xKIY<\/a> )<\/p>\n<h6><\/h6>\n<p><strong>MODERADOR:<\/strong><\/p>\n<ul>\n<li><strong>Julieta Fern\u00e1ndez Rearte<\/strong>, Laboratorio de Dosimetr\u00eda Biol\u00f3gica de la Autoridad Regulatoria Nuclear de Argentina, <strong>ARGENTINA<\/strong>.<\/li>\n<\/ul>\n<h6><\/h6>\n<p><strong>\u00a0<\/strong><strong>CONFERENCISTAS<\/strong>:<\/p>\n<ul>\n<li><strong>Lic. Marina Di Giorgio<\/strong>, Vicepresidente de la Autoridad Regulatoria Nuclear de Argentina, <strong>ARGENTINA<\/strong>.<\/li>\n<li><strong>Dr. Wilner Mart\u00ednez L\u00f3pez<\/strong>, Departamento de Gen\u00e9tica y Servicio de Biodosimetr\u00eda del Instituto de Investigaciones Biol\u00f3gicas Clemente Estable (IIBCE), <strong>URUGUAY<\/strong>.<\/li>\n<\/ul>\n<\/td>\n<\/tr>\n<\/tbody>\n<\/table>\n<\/div>\n<\/div><\/div><\/div><\/div><div id=\"pg-w679cf50d503ac-5\"  class=\"panel-grid panel-no-style\" ><div id=\"pgc-w679cf50d503ac-5-0\"  class=\"panel-grid-cell\" ><div id=\"panel-w679cf50d503ac-5-0-0\" class=\"so-panel widget widget_sow-image panel-first-child panel-last-child\" data-index=\"10\" ><div\n\t\t\t\n\t\t\tclass=\"so-widget-sow-image so-widget-sow-image-default-8b5b6f678277\"\n\t\t\t\n\t\t>\n<div class=\"sow-image-container\">\n\t\t<img \n\tsrc=\"http:\/\/www.reprolam.com\/wp-content\/uploads\/2023\/09\/webinar_11_08_23-300x169.jpg\" width=\"300\" height=\"169\" srcset=\"http:\/\/www.reprolam.com\/wp-content\/uploads\/2023\/09\/webinar_11_08_23-300x169.jpg 300w, http:\/\/www.reprolam.com\/wp-content\/uploads\/2023\/09\/webinar_11_08_23-1024x576.jpg 1024w, http:\/\/www.reprolam.com\/wp-content\/uploads\/2023\/09\/webinar_11_08_23-768x432.jpg 768w, http:\/\/www.reprolam.com\/wp-content\/uploads\/2023\/09\/webinar_11_08_23.jpg 1280w\" sizes=\"(max-width: 300px) 100vw, 300px\" alt=\"\" \t\tclass=\"so-widget-image\"\/>\n\t<\/div>\n\n<\/div><\/div><\/div><div id=\"pgc-w679cf50d503ac-5-1\"  class=\"panel-grid-cell\" ><div id=\"panel-w679cf50d503ac-5-1-0\" class=\"so-panel widget widget_sow-editor panel-first-child panel-last-child\" data-index=\"11\" ><div\n\t\t\t\n\t\t\tclass=\"so-widget-sow-editor so-widget-sow-editor-base\"\n\t\t\t\n\t\t>\n<div class=\"siteorigin-widget-tinymce textwidget\">\n\t<table style=\"border-collapse: collapse; width: 100%;\" border=\"1\">\n<tbody>\n<tr style=\"height: 24px;\">\n<td style=\"width: 6.5055%; border-style: hidden; vertical-align: top; height: 51px;\"><img loading=\"lazy\" decoding=\"async\" class=\"aligncenter size-full wp-image-653\" src=\"http:\/\/www.reprolam.com\/wp-content\/uploads\/2020\/10\/3313576-24.png\" alt=\"\" width=\"24\" height=\"24\" \/><\/td>\n<td style=\"width: 93.4945%; border-style: hidden; vertical-align: top; height: 51px;\">Video Conferencia REPROLAM, \u201cOptimizaci\u00f3n de la Protecci\u00f3n Radiol\u00f3gica en Cardiolog\u00eda Intervencionista Pedi\u00e1trica. OPRIPALC: Un Ejemplo para el Mundo\u201d, \u00a011 de Agosto del 2023 \u00a0(<a href=\"https:\/\/youtu.be\/FpV1g9aigaY\" target=\"_blank\" rel=\"noopener\">https:\/\/youtu.be\/FpV1g9aigaY<\/a> )<\/p>\n<h6><\/h6>\n<p><strong>MODERADOR:<\/strong><\/p>\n<ul>\n<li><strong>Helen<\/strong> Jamil Khoury. \u00a0Universidad Federal de Pernambuco.\u00a0 Departamento de Energ\u00eda Nuclear. Laboratorio de Metrolog\u00eda de las Radiaciones Ionizantes. <strong>\u00a0BRASIL<\/strong>.<\/li>\n<\/ul>\n<h6><\/h6>\n<p><strong>CONFERENCISTAS<\/strong>:<\/p>\n<ul>\n<li><strong>Dr. <\/strong><strong>Carlos Ubeda<\/strong>, Departamento de Tecnolog\u00eda M\u00e9dica. Facultad de Ciencias de la Salud. Universidad de Tarapac\u00e1. <strong>CHILE<\/strong>.<\/li>\n<li><strong>Dr. Walter Mosquera, <\/strong>Cardi\u00f3logo Pediatra Hemodinamista. Hospital Universitario Fundaci\u00f3n Valle del Lili. Universidad Icesi. <strong>COLOMBIA.<\/strong><\/li>\n<\/ul>\n<p>,<\/p>\n<\/td>\n<\/tr>\n<\/tbody>\n<\/table>\n<\/div>\n<\/div><\/div><\/div><\/div><div id=\"pg-w679cf50d503ac-6\"  class=\"panel-grid panel-no-style\" ><div id=\"pgc-w679cf50d503ac-6-0\"  class=\"panel-grid-cell\" ><div id=\"panel-w679cf50d503ac-6-0-0\" class=\"so-panel widget widget_sow-image panel-first-child panel-last-child\" data-index=\"12\" ><div\n\t\t\t\n\t\t\tclass=\"so-widget-sow-image so-widget-sow-image-default-8b5b6f678277\"\n\t\t\t\n\t\t>\n<div class=\"sow-image-container\">\n\t\t<img \n\tsrc=\"http:\/\/www.reprolam.com\/wp-content\/uploads\/2023\/08\/WEBINAR-DOSIM-RETROSPECTIVA-300x169.jpg\" width=\"300\" height=\"169\" srcset=\"http:\/\/www.reprolam.com\/wp-content\/uploads\/2023\/08\/WEBINAR-DOSIM-RETROSPECTIVA-300x169.jpg 300w, http:\/\/www.reprolam.com\/wp-content\/uploads\/2023\/08\/WEBINAR-DOSIM-RETROSPECTIVA-1024x577.jpg 1024w, http:\/\/www.reprolam.com\/wp-content\/uploads\/2023\/08\/WEBINAR-DOSIM-RETROSPECTIVA-768x432.jpg 768w, http:\/\/www.reprolam.com\/wp-content\/uploads\/2023\/08\/WEBINAR-DOSIM-RETROSPECTIVA-1536x865.jpg 1536w, http:\/\/www.reprolam.com\/wp-content\/uploads\/2023\/08\/WEBINAR-DOSIM-RETROSPECTIVA.jpg 1595w\" sizes=\"(max-width: 300px) 100vw, 300px\" alt=\"\" \t\tclass=\"so-widget-image\"\/>\n\t<\/div>\n\n<\/div><\/div><\/div><div id=\"pgc-w679cf50d503ac-6-1\"  class=\"panel-grid-cell\" ><div id=\"panel-w679cf50d503ac-6-1-0\" class=\"so-panel widget widget_sow-editor panel-first-child panel-last-child\" data-index=\"13\" ><div\n\t\t\t\n\t\t\tclass=\"so-widget-sow-editor so-widget-sow-editor-base\"\n\t\t\t\n\t\t>\n<div class=\"siteorigin-widget-tinymce textwidget\">\n\t<table style=\"border-collapse: collapse; width: 100%;\" border=\"1\">\n<tbody>\n<tr style=\"height: 24px;\">\n<td style=\"width: 6.5055%; border-style: hidden; vertical-align: top; height: 51px;\"><img loading=\"lazy\" decoding=\"async\" class=\"aligncenter size-full wp-image-653\" src=\"http:\/\/www.reprolam.com\/wp-content\/uploads\/2020\/10\/3313576-24.png\" alt=\"\" width=\"24\" height=\"24\" \/><\/td>\n<td style=\"width: 93.4945%; border-style: hidden; vertical-align: top; height: 51px;\">Video Conferencia OIEA \u2013 REPROLAM, \u201cM\u00e9todos de Dosimetr\u00eda Retrospectiva: Luminiscencia y Resonancia Paramagn\u00e9tica Electr\u00f3nica\u201d, \u00a014 de Julio del 2023 \u00a0(<a href=\"https:\/\/youtu.be\/FiJTA6StnYY\" target=\"_blank\" rel=\"noopener\">https:\/\/youtu.be\/FiJTA6StnYY<\/a> \u00a0)<\/p>\n<h6><\/h6>\n<p><strong>MODERADOR:<\/strong><\/p>\n<ul>\n<li><strong>Helen Jamil Khoury<\/strong>. \u00a0Universidad Federal de Pernambuco.\u00a0 Departamento de Energ\u00eda Nuclear. Laboratorio de Metrolog\u00eda de las Radiaciones Ionizantes. <strong>\u00a0BRASIL<\/strong>.<\/li>\n<\/ul>\n<h6><\/h6>\n<p><strong>CONFERENCISTAS<\/strong>:<\/p>\n<ul>\n<li><strong>Dr. Virgilio Correcher<\/strong>, Centro de Investigaciones, Energ\u00e9ticas, Medioambientales y Tecnol\u00f3gicas (CIEMAT). <strong>ESPA\u00d1A<\/strong><\/li>\n<li><strong>Oswaldo Baffa Filho<\/strong>, Universidad de S\u00e3o Paulo (USP), Facultad de Filosof\u00eda, Ciencias y Letras de Ribeir\u00e3o Preto (FFCLRP), Departamento de F\u00edsica (DF). BRASIL<\/li>\n<\/ul>\n<\/td>\n<\/tr>\n<\/tbody>\n<\/table>\n<\/div>\n<\/div><\/div><\/div><\/div><div id=\"pg-w679cf50d503ac-7\"  class=\"panel-grid panel-no-style\" ><div id=\"pgc-w679cf50d503ac-7-0\"  class=\"panel-grid-cell\" ><div id=\"panel-w679cf50d503ac-7-0-0\" class=\"so-panel widget widget_sow-image panel-first-child panel-last-child\" data-index=\"14\" ><div\n\t\t\t\n\t\t\tclass=\"so-widget-sow-image so-widget-sow-image-default-8b5b6f678277\"\n\t\t\t\n\t\t>\n<div class=\"sow-image-container\">\n\t\t<img \n\tsrc=\"http:\/\/www.reprolam.com\/wp-content\/uploads\/2023\/01\/WEBINAR-PHITS-300x169.jpg\" width=\"300\" height=\"169\" srcset=\"http:\/\/www.reprolam.com\/wp-content\/uploads\/2023\/01\/WEBINAR-PHITS-300x169.jpg 300w, http:\/\/www.reprolam.com\/wp-content\/uploads\/2023\/01\/WEBINAR-PHITS.jpg 720w\" sizes=\"(max-width: 300px) 100vw, 300px\" alt=\"\" \t\tclass=\"so-widget-image\"\/>\n\t<\/div>\n\n<\/div><\/div><\/div><div id=\"pgc-w679cf50d503ac-7-1\"  class=\"panel-grid-cell\" ><div id=\"panel-w679cf50d503ac-7-1-0\" class=\"so-panel widget widget_sow-editor panel-first-child panel-last-child\" data-index=\"15\" ><div\n\t\t\t\n\t\t\tclass=\"so-widget-sow-editor so-widget-sow-editor-base\"\n\t\t\t\n\t\t>\n<div class=\"siteorigin-widget-tinymce textwidget\">\n\t<table style=\"border-collapse: collapse; width: 100%;\" border=\"1\">\n<tbody>\n<tr style=\"height: 24px;\">\n<td style=\"width: 6.5055%; border-style: hidden; vertical-align: top; height: 51px;\"><img loading=\"lazy\" decoding=\"async\" class=\"aligncenter size-full wp-image-653\" src=\"http:\/\/www.reprolam.com\/wp-content\/uploads\/2020\/10\/3313576-24.png\" alt=\"\" width=\"24\" height=\"24\" \/><\/td>\n<td style=\"width: 93.4945%; border-style: hidden; vertical-align: top; height: 51px;\">Video Conferencia OIEA \u2013 REPROLAM, \u201cInstrucci\u00f3n al C\u00f3digo PHITS (Particle and Heavy Ion Transport Code System)\u201d, \u00a02 de Diciembre del 2022 \u00a0(<a href=\"https:\/\/youtu.be\/mnfwmeBAue8\">https:\/\/youtu.be\/mnfwmeBAue8<\/a> )<\/p>\n<p><strong>MODERADOR:<\/strong><\/p>\n<ul>\n<li>S<strong>ebasti\u00e1n Gossio<\/strong>. Jefe de Departamento de Dosimetr\u00eda F\u00edsica. Autoridad Regulatoria Nacional. <strong>ARGENTINA<\/strong>.<\/li>\n<\/ul>\n<p><strong>CONFERENCISTAS<\/strong>:<\/p>\n<ul>\n<li><strong>Mat\u00edas Valero<\/strong>, Comisi\u00f3n Nacional de Energ\u00eda At\u00f3mica. <strong>ARGENTINA<\/strong><\/li>\n<\/ul>\n<\/td>\n<\/tr>\n<\/tbody>\n<\/table>\n<\/div>\n<\/div><\/div><\/div><\/div><div id=\"pg-w679cf50d503ac-8\"  class=\"panel-grid panel-no-style\" ><div id=\"pgc-w679cf50d503ac-8-0\"  class=\"panel-grid-cell\" ><div id=\"panel-w679cf50d503ac-8-0-0\" class=\"so-panel widget widget_sow-image panel-first-child panel-last-child\" data-index=\"16\" ><div\n\t\t\t\n\t\t\tclass=\"so-widget-sow-image so-widget-sow-image-default-8b5b6f678277\"\n\t\t\t\n\t\t>\n<div class=\"sow-image-container\">\n\t\t<img \n\tsrc=\"http:\/\/www.reprolam.com\/wp-content\/uploads\/2023\/01\/webinar-dosim-computacional-1-300x207.jpg\" width=\"300\" height=\"207\" srcset=\"http:\/\/www.reprolam.com\/wp-content\/uploads\/2023\/01\/webinar-dosim-computacional-1-300x207.jpg 300w, http:\/\/www.reprolam.com\/wp-content\/uploads\/2023\/01\/webinar-dosim-computacional-1.jpg 744w\" sizes=\"(max-width: 300px) 100vw, 300px\" title=\"webinar dosim computacional\" alt=\"\" \t\tclass=\"so-widget-image\"\/>\n\t<\/div>\n\n<\/div><\/div><\/div><div id=\"pgc-w679cf50d503ac-8-1\"  class=\"panel-grid-cell\" ><div id=\"panel-w679cf50d503ac-8-1-0\" class=\"so-panel widget widget_sow-editor panel-first-child panel-last-child\" data-index=\"17\" ><div\n\t\t\t\n\t\t\tclass=\"so-widget-sow-editor so-widget-sow-editor-base\"\n\t\t\t\n\t\t>\n<div class=\"siteorigin-widget-tinymce textwidget\">\n\t<table style=\"border-collapse: collapse; width: 100%;\" border=\"1\">\n<tbody>\n<tr style=\"height: 24px;\">\n<td style=\"width: 6.5055%; border-style: hidden; vertical-align: top; height: 51px;\"><img loading=\"lazy\" decoding=\"async\" class=\"aligncenter size-full wp-image-653\" src=\"http:\/\/www.reprolam.com\/wp-content\/uploads\/2020\/10\/3313576-24.png\" alt=\"\" width=\"24\" height=\"24\" \/><\/td>\n<td style=\"width: 93.4945%; border-style: hidden; vertical-align: top; height: 51px;\">Video Conferencia OIEA \u2013 REPROLAM, \u201cMCMEG y Dosimetr\u00eda Interna en Medicina Nuclear\u201d, \u00a01 de Diciembre del 2022 \u00a0(<a href=\"https:\/\/youtu.be\/QA7WO8aXwds\">https:\/\/youtu.be\/QA7WO8aXwds<\/a> )<\/p>\n<p><strong>MODERADOR:<\/strong><\/p>\n<ul>\n<li><strong>Denison de Souza-Santos, <\/strong>Tecn\u00f3logo, Divisi\u00f3n de Dosimetr\u00eda. Instituto de Radioprotecci\u00f3n y Dosimetr\u00eda. <strong>BRASIL<\/strong>.<\/li>\n<\/ul>\n<p><strong>CONFERENCISTAS<\/strong>:<\/p>\n<ul>\n<li><strong>Telma C. F. Fonseca \u2013 <\/strong>Departamento de Energ\u00eda Nuclear de la Universidad Federal de Minas Gerais (DNE\/UFMG), Belo Horizonte<strong>, Brasil <\/strong><\/li>\n<li><strong>Jhonny Antonio Benavente Castillo <\/strong>\u2013 Departamento de Medicina Nuclear del Instituto Nacional\u00a0 de Enfermedades Neopl\u00e1sicas <strong>(DMN\/INEN), Lima, Per\u00fa<\/strong><\/li>\n<\/ul>\n<\/td>\n<\/tr>\n<\/tbody>\n<\/table>\n<\/div>\n<\/div><\/div><\/div><\/div><div id=\"pg-w679cf50d503ac-9\"  class=\"panel-grid panel-no-style\" ><div id=\"pgc-w679cf50d503ac-9-0\"  class=\"panel-grid-cell\" ><div id=\"panel-w679cf50d503ac-9-0-0\" class=\"so-panel widget widget_sow-image panel-first-child panel-last-child\" data-index=\"18\" ><div\n\t\t\t\n\t\t\tclass=\"so-widget-sow-image so-widget-sow-image-default-8b5b6f678277\"\n\t\t\t\n\t\t>\n<div class=\"sow-image-container\">\n\t\t<img \n\tsrc=\"http:\/\/www.reprolam.com\/wp-content\/uploads\/2022\/12\/fig_1-300x169.jpg\" width=\"300\" height=\"169\" srcset=\"http:\/\/www.reprolam.com\/wp-content\/uploads\/2022\/12\/fig_1-300x169.jpg 300w, http:\/\/www.reprolam.com\/wp-content\/uploads\/2022\/12\/fig_1-1024x576.jpg 1024w, http:\/\/www.reprolam.com\/wp-content\/uploads\/2022\/12\/fig_1-768x432.jpg 768w, http:\/\/www.reprolam.com\/wp-content\/uploads\/2022\/12\/fig_1-1536x864.jpg 1536w, http:\/\/www.reprolam.com\/wp-content\/uploads\/2022\/12\/fig_1.jpg 1920w\" sizes=\"(max-width: 300px) 100vw, 300px\" alt=\"\" \t\tclass=\"so-widget-image\"\/>\n\t<\/div>\n\n<\/div><\/div><\/div><div id=\"pgc-w679cf50d503ac-9-1\"  class=\"panel-grid-cell\" ><div id=\"panel-w679cf50d503ac-9-1-0\" class=\"so-panel widget widget_sow-editor panel-first-child panel-last-child\" data-index=\"19\" ><div\n\t\t\t\n\t\t\tclass=\"so-widget-sow-editor so-widget-sow-editor-base\"\n\t\t\t\n\t\t>\n<div class=\"siteorigin-widget-tinymce textwidget\">\n\t<table style=\"border-collapse: collapse; width: 100%;\" border=\"1\">\n<tbody>\n<tr style=\"height: 24px;\">\n<td style=\"width: 6.5055%; border-style: hidden; vertical-align: top; height: 51px;\"><img loading=\"lazy\" decoding=\"async\" class=\"aligncenter size-full wp-image-653\" src=\"http:\/\/www.reprolam.com\/wp-content\/uploads\/2020\/10\/3313576-24.png\" alt=\"\" width=\"24\" height=\"24\" \/><\/td>\n<td style=\"width: 93.4945%; border-style: hidden; vertical-align: top; height: 51px;\">Video Conferencia OIEA &#8211; REPROLAM, \u201cControl de Calidad en Tomograf\u00eda Computarizada. Parte I\u201d, 17 de Noviembre del 2022\u00a0(<a href=\"https:\/\/youtu.be\/rD2lmBbevCk\" target=\"_blank\" rel=\"noopener\">https:\/\/youtu.be\/rD2lmBbevCk<\/a>)<\/p>\n<p><strong>MODERADOR:<\/strong><\/p>\n<ul>\n<li><strong>Alejandro Nader<\/strong>, Alejandro Nader. Especialista en Protecci\u00f3n Radiol\u00f3gica en Medicina, <strong>OIEA<\/strong> &#8211; <strong>URUGUAY<\/strong>.<\/li>\n<\/ul>\n<p><strong>CONFERENCISTAS<\/strong>:<\/p>\n<ul>\n<li><strong>Helen Jamil Khoury<\/strong>, Coordinadora del Laboratorio de Metrolog\u00eda de las Radiaciones Ionizantes. Departamento de Energ\u00eda Nuclear. Universidad Federal de Pernambuco. <strong>BRASIL<\/strong>.<\/li>\n<li>Simone Kodlulovich, Instituto de Radioprotecci\u00f3n y Dosimetr\u00eda (IRD\/CNEN) . <strong>BRASIL<\/strong>.<\/li>\n<\/ul>\n<\/td>\n<\/tr>\n<\/tbody>\n<\/table>\n<\/div>\n<\/div><\/div><\/div><\/div><div id=\"pg-w679cf50d503ac-10\"  class=\"panel-grid panel-no-style\" ><div id=\"pgc-w679cf50d503ac-10-0\"  class=\"panel-grid-cell\" ><div id=\"panel-w679cf50d503ac-10-0-0\" class=\"so-panel widget widget_sow-image panel-first-child panel-last-child\" data-index=\"20\" ><div\n\t\t\t\n\t\t\tclass=\"so-widget-sow-image so-widget-sow-image-default-8b5b6f678277\"\n\t\t\t\n\t\t>\n<div class=\"sow-image-container\">\n\t\t<img \n\tsrc=\"http:\/\/www.reprolam.com\/wp-content\/uploads\/2022\/12\/fig_2-300x169.jpg\" width=\"300\" height=\"169\" srcset=\"http:\/\/www.reprolam.com\/wp-content\/uploads\/2022\/12\/fig_2-300x169.jpg 300w, http:\/\/www.reprolam.com\/wp-content\/uploads\/2022\/12\/fig_2-1024x576.jpg 1024w, http:\/\/www.reprolam.com\/wp-content\/uploads\/2022\/12\/fig_2-768x432.jpg 768w, http:\/\/www.reprolam.com\/wp-content\/uploads\/2022\/12\/fig_2-1536x864.jpg 1536w, http:\/\/www.reprolam.com\/wp-content\/uploads\/2022\/12\/fig_2.jpg 1920w\" sizes=\"(max-width: 300px) 100vw, 300px\" alt=\"\" \t\tclass=\"so-widget-image\"\/>\n\t<\/div>\n\n<\/div><\/div><\/div><div id=\"pgc-w679cf50d503ac-10-1\"  class=\"panel-grid-cell\" ><div id=\"panel-w679cf50d503ac-10-1-0\" class=\"so-panel widget widget_sow-editor panel-first-child panel-last-child\" data-index=\"21\" ><div\n\t\t\t\n\t\t\tclass=\"so-widget-sow-editor so-widget-sow-editor-base\"\n\t\t\t\n\t\t>\n<div class=\"siteorigin-widget-tinymce textwidget\">\n\t<table style=\"border-collapse: collapse; width: 100%;\" border=\"1\">\n<tbody>\n<tr style=\"height: 24px;\">\n<td style=\"width: 6.5055%; border-style: hidden; vertical-align: top; height: 51px;\"><img loading=\"lazy\" decoding=\"async\" class=\"aligncenter size-full wp-image-653\" src=\"http:\/\/www.reprolam.com\/wp-content\/uploads\/2020\/10\/3313576-24.png\" alt=\"\" width=\"24\" height=\"24\" \/><\/td>\n<td style=\"width: 93.4945%; border-style: hidden; vertical-align: top; height: 51px;\">Video Conferencia OIEA &#8211; REPROLAM, \u201cControl de Calidad en Tomograf\u00eda Computarizada. Parte II\u201d, 18 de Noviembre del 2022\u00a0(<a href=\"https:\/\/youtu.be\/vSSMKbORUGs\" target=\"_blank\" rel=\"noopener\">https:\/\/youtu.be\/vSSMKbORUGs<\/a>)<\/p>\n<p><strong>MODERADOR:<\/strong><\/p>\n<ul>\n<li><strong>Alejandro Nader<\/strong>, Alejandro Nader. Especialista en Protecci\u00f3n Radiol\u00f3gica en Medicina, <strong>OIEA<\/strong> &#8211; <strong>URUGUAY<\/strong>.<\/li>\n<\/ul>\n<p><strong>CONFERENCISTAS<\/strong>:<\/p>\n<ul>\n<li><strong>Helen Jamil Khoury<\/strong>, Coordinadora del Laboratorio de Metrolog\u00eda de las Radiaciones Ionizantes. Departamento de Energ\u00eda Nuclear. Universidad Federal de Pernambuco. <strong>BRASIL<\/strong>.<\/li>\n<li>Simone Kodlulovich, Instituto de Radioprotecci\u00f3n y Dosimetr\u00eda (IRD\/CNEN) . <strong>BRASIL.<\/strong><\/li>\n<\/ul>\n<\/td>\n<\/tr>\n<\/tbody>\n<\/table>\n<\/div>\n<\/div><\/div><\/div><\/div><div id=\"pg-w679cf50d503ac-11\"  class=\"panel-grid panel-no-style\" ><div id=\"pgc-w679cf50d503ac-11-0\"  class=\"panel-grid-cell\" ><div id=\"panel-w679cf50d503ac-11-0-0\" class=\"so-panel widget widget_sow-image panel-first-child panel-last-child\" data-index=\"22\" ><div\n\t\t\t\n\t\t\tclass=\"so-widget-sow-image so-widget-sow-image-default-8b5b6f678277\"\n\t\t\t\n\t\t>\n<div class=\"sow-image-container\">\n\t\t<img \n\tsrc=\"http:\/\/www.reprolam.com\/wp-content\/uploads\/2022\/11\/Cartel-webinar-unscear-300x169.jpg\" width=\"300\" height=\"169\" srcset=\"http:\/\/www.reprolam.com\/wp-content\/uploads\/2022\/11\/Cartel-webinar-unscear-300x169.jpg 300w, http:\/\/www.reprolam.com\/wp-content\/uploads\/2022\/11\/Cartel-webinar-unscear-1024x576.jpg 1024w, http:\/\/www.reprolam.com\/wp-content\/uploads\/2022\/11\/Cartel-webinar-unscear-768x432.jpg 768w, http:\/\/www.reprolam.com\/wp-content\/uploads\/2022\/11\/Cartel-webinar-unscear.jpg 1280w\" sizes=\"(max-width: 300px) 100vw, 300px\" title=\"Cartel webinar-unscear\" alt=\"\" \t\tclass=\"so-widget-image\"\/>\n\t<\/div>\n\n<\/div><\/div><\/div><div id=\"pgc-w679cf50d503ac-11-1\"  class=\"panel-grid-cell\" ><div id=\"panel-w679cf50d503ac-11-1-0\" class=\"so-panel widget widget_sow-editor panel-first-child panel-last-child\" data-index=\"23\" ><div\n\t\t\t\n\t\t\tclass=\"so-widget-sow-editor so-widget-sow-editor-base\"\n\t\t\t\n\t\t>\n<div class=\"siteorigin-widget-tinymce textwidget\">\n\t<table style=\"border-collapse: collapse; width: 100%;\" border=\"1\">\n<tbody>\n<tr style=\"height: 24px;\">\n<td style=\"width: 6.5055%; border-style: hidden; vertical-align: top; height: 51px;\"><img loading=\"lazy\" decoding=\"async\" class=\"aligncenter size-full wp-image-653\" src=\"http:\/\/www.reprolam.com\/wp-content\/uploads\/2020\/10\/3313576-24.png\" alt=\"\" width=\"24\" height=\"24\" \/><\/td>\n<td style=\"width: 93.4945%; border-style: hidden; vertical-align: top; height: 51px;\">Video Conferencia REPROLAM, \u201cExposiciones m\u00e9dicas y ocupacionales en el mundo: Los \u00faltimos resultados publicados por UNSCEAR\u201d, 31 de Octubre del 2022\u00a0(<a href=\"https:\/\/youtu.be\/rfulZ60vh8I\" target=\"_blank\" rel=\"noopener\">https:\/\/youtu.be\/rfulZ60vh8I<\/a> )<\/p>\n<p><strong>MODERADOR:<\/strong><\/p>\n<ul>\n<li><strong>Helen Jamil Khoury<\/strong>, Coordinadora del Laboratorio de Metrolog\u00eda de las Radiaciones Ionizantes. Departamento de Energ\u00eda Nuclear. Universidad Federal de Pernambuco. <strong>BRASIL<\/strong>.<\/li>\n<\/ul>\n<p><strong><br \/>\nCONFERENCISTAS<\/strong>:<\/p>\n<ul>\n<li>Lidia Vasconcelos de S\u00e1. Jefe de Servicio de F\u00edsica M\u00e9dica.\u00a0 Instituto de Radioprotecci\u00f3n y Dosimetr\u00eda. <strong>BRASIL<\/strong>.<\/li>\n<li>Deninson de Souza-Santos. Divisi\u00f3n de Dosimetr\u00eda.\u00a0 Instituto de Radioprotecci\u00f3n y Dosimetr\u00eda. <strong>BRASIL<\/strong><\/li>\n<\/ul>\n<\/td>\n<\/tr>\n<\/tbody>\n<\/table>\n<\/div>\n<\/div><\/div><\/div><\/div><div id=\"pg-w679cf50d503ac-12\"  class=\"panel-grid panel-no-style\" ><div id=\"pgc-w679cf50d503ac-12-0\"  class=\"panel-grid-cell\" ><div id=\"panel-w679cf50d503ac-12-0-0\" class=\"so-panel widget widget_sow-image panel-first-child panel-last-child\" data-index=\"24\" ><div\n\t\t\t\n\t\t\tclass=\"so-widget-sow-image so-widget-sow-image-default-8b5b6f678277\"\n\t\t\t\n\t\t>\n<div class=\"sow-image-container\">\n\t\t<img \n\tsrc=\"http:\/\/www.reprolam.com\/wp-content\/uploads\/2022\/10\/WEB-REPROLAM-OPENMC-300x169.jpeg\" width=\"300\" height=\"169\" srcset=\"http:\/\/www.reprolam.com\/wp-content\/uploads\/2022\/10\/WEB-REPROLAM-OPENMC-300x169.jpeg 300w, http:\/\/www.reprolam.com\/wp-content\/uploads\/2022\/10\/WEB-REPROLAM-OPENMC-1024x576.jpeg 1024w, http:\/\/www.reprolam.com\/wp-content\/uploads\/2022\/10\/WEB-REPROLAM-OPENMC-768x432.jpeg 768w, http:\/\/www.reprolam.com\/wp-content\/uploads\/2022\/10\/WEB-REPROLAM-OPENMC-1536x864.jpeg 1536w, http:\/\/www.reprolam.com\/wp-content\/uploads\/2022\/10\/WEB-REPROLAM-OPENMC-2048x1152.jpeg 2048w\" sizes=\"(max-width: 300px) 100vw, 300px\" alt=\"\" \t\tclass=\"so-widget-image\"\/>\n\t<\/div>\n\n<\/div><\/div><\/div><div id=\"pgc-w679cf50d503ac-12-1\"  class=\"panel-grid-cell\" ><div id=\"panel-w679cf50d503ac-12-1-0\" class=\"so-panel widget widget_sow-editor panel-first-child panel-last-child\" data-index=\"25\" ><div\n\t\t\t\n\t\t\tclass=\"so-widget-sow-editor so-widget-sow-editor-base\"\n\t\t\t\n\t\t>\n<div class=\"siteorigin-widget-tinymce textwidget\">\n\t<table style=\"border-collapse: collapse; width: 100%;\" border=\"1\">\n<tbody>\n<tr style=\"height: 24px;\">\n<td style=\"width: 6.5055%; border-style: hidden; vertical-align: top; height: 51px;\"><img loading=\"lazy\" decoding=\"async\" class=\"aligncenter size-full wp-image-653\" src=\"http:\/\/www.reprolam.com\/wp-content\/uploads\/2020\/10\/3313576-24.png\" alt=\"\" width=\"24\" height=\"24\" \/><\/td>\n<td style=\"width: 93.4945%; border-style: hidden; vertical-align: top; height: 51px;\">Video Conferencia REPROLAM, \u201cIntroducci\u00f3n al C\u00f3digo OPENMC\u201d, 4 de Octubre del 2022<strong>\u00a0\u00a0 <\/strong>(<a href=\"https:\/\/youtu.be\/HNOy9c6yJLM\" target=\"_blank\" rel=\"noopener\">https:\/\/youtu.be\/HNOy9c6yJLM<\/a> )<\/p>\n<p><strong>\u00a0<\/strong><strong>MODERADOR:<\/strong><\/p>\n<ul>\n<li>Juan Carlos Mora Canadas, Oficial del Programa de Seguridad Radiol\u00f3gica y Monitoreo de las Radiaciones. <strong>OIEA<\/strong>.<\/li>\n<\/ul>\n<p><strong><br \/>\nCONFERENCISTAS<\/strong>:<\/p>\n<ul>\n<li>Susana Veloza-Awad. <strong>OIEA<\/strong>.<\/li>\n<li>Jaime Romero. Comisi\u00f3n Chilena de Energ\u00eda Nuclear (CCEHN). <strong>CHILE<\/strong><\/li>\n<\/ul>\n<\/td>\n<\/tr>\n<\/tbody>\n<\/table>\n<\/div>\n<\/div><\/div><\/div><\/div><div id=\"pg-w679cf50d503ac-13\"  class=\"panel-grid panel-no-style\" ><div id=\"pgc-w679cf50d503ac-13-0\"  class=\"panel-grid-cell\" ><div id=\"panel-w679cf50d503ac-13-0-0\" class=\"so-panel widget widget_sow-image panel-first-child panel-last-child\" data-index=\"26\" ><div\n\t\t\t\n\t\t\tclass=\"so-widget-sow-image so-widget-sow-image-default-8b5b6f678277\"\n\t\t\t\n\t\t>\n<div class=\"sow-image-container\">\n\t\t<img \n\tsrc=\"http:\/\/www.reprolam.com\/wp-content\/uploads\/2022\/10\/WEB-REPROLAM-MONTE-CARLO-300x169.jpeg\" width=\"300\" height=\"169\" srcset=\"http:\/\/www.reprolam.com\/wp-content\/uploads\/2022\/10\/WEB-REPROLAM-MONTE-CARLO-300x169.jpeg 300w, http:\/\/www.reprolam.com\/wp-content\/uploads\/2022\/10\/WEB-REPROLAM-MONTE-CARLO-1024x576.jpeg 1024w, http:\/\/www.reprolam.com\/wp-content\/uploads\/2022\/10\/WEB-REPROLAM-MONTE-CARLO-768x432.jpeg 768w, http:\/\/www.reprolam.com\/wp-content\/uploads\/2022\/10\/WEB-REPROLAM-MONTE-CARLO-1536x864.jpeg 1536w, http:\/\/www.reprolam.com\/wp-content\/uploads\/2022\/10\/WEB-REPROLAM-MONTE-CARLO-2048x1152.jpeg 2048w\" sizes=\"(max-width: 300px) 100vw, 300px\" alt=\"\" \t\tclass=\"so-widget-image\"\/>\n\t<\/div>\n\n<\/div><\/div><\/div><div id=\"pgc-w679cf50d503ac-13-1\"  class=\"panel-grid-cell\" ><div id=\"panel-w679cf50d503ac-13-1-0\" class=\"so-panel widget widget_sow-editor panel-first-child panel-last-child\" data-index=\"27\" ><div\n\t\t\t\n\t\t\tclass=\"so-widget-sow-editor so-widget-sow-editor-base\"\n\t\t\t\n\t\t>\n<div class=\"siteorigin-widget-tinymce textwidget\">\n\t<table style=\"border-collapse: collapse; width: 100%;\" border=\"1\">\n<tbody>\n<tr style=\"height: 24px;\">\n<td style=\"width: 6.5055%; border-style: hidden; vertical-align: top; height: 46px;\"><img loading=\"lazy\" decoding=\"async\" class=\"aligncenter size-full wp-image-653\" src=\"http:\/\/www.reprolam.com\/wp-content\/uploads\/2020\/10\/3313576-24.png\" alt=\"\" width=\"24\" height=\"24\" \/><\/td>\n<td style=\"width: 93.4945%; border-style: hidden; vertical-align: top; height: 46px;\">Video Conferencia REPROLAM, \u201cFundamentos del M\u00e9todo Monte Carlo aplicado al campo de la protecci\u00f3n radiol\u00f3gica. Bibiliotecas de datos nucleares del OIEA. Su uso en c\u00f3digos aplicados a la PR ocupacional\u201d, 3 de Octubre del 2022<strong>. <\/strong>(<a href=\"https:\/\/youtu.be\/mNTckisKnNU\" target=\"_blank\" rel=\"noopener\">https:\/\/youtu.be\/mNTckisKnNU<\/a> )<\/p>\n<p><strong>\u00a0<\/strong><strong>MODERADOR:<\/strong><\/p>\n<ul>\n<li>Juan Carlos Mora Canadas, Oficial del Programa de Seguridad Radiol\u00f3gica y Monitoreo de las Radiaciones. <strong>OIEA<\/strong>.<\/li>\n<\/ul>\n<p><strong><br \/>\nCONFERENCISTAS<\/strong>:<\/p>\n<ul>\n<li>Denison de Souza. IRD\/CNEN. <strong>BRASIL.<\/strong><\/li>\n<li>Daniel L\u00f3pez Aldama. <strong>OIEA<\/strong><\/li>\n<\/ul>\n<\/td>\n<\/tr>\n<\/tbody>\n<\/table>\n<\/div>\n<\/div><\/div><\/div><\/div><div id=\"pg-w679cf50d503ac-14\"  class=\"panel-grid panel-no-style\" ><div id=\"pgc-w679cf50d503ac-14-0\"  class=\"panel-grid-cell\" ><div id=\"panel-w679cf50d503ac-14-0-0\" class=\"so-panel widget widget_sow-image panel-first-child panel-last-child\" data-index=\"28\" ><div\n\t\t\t\n\t\t\tclass=\"so-widget-sow-image so-widget-sow-image-default-8b5b6f678277\"\n\t\t\t\n\t\t>\n<div class=\"sow-image-container\">\n\t\t<img \n\tsrc=\"http:\/\/www.reprolam.com\/wp-content\/uploads\/2021\/11\/webinar-Norm-final-new-300x169.jpg\" width=\"300\" height=\"169\" srcset=\"http:\/\/www.reprolam.com\/wp-content\/uploads\/2021\/11\/webinar-Norm-final-new-300x169.jpg 300w, http:\/\/www.reprolam.com\/wp-content\/uploads\/2021\/11\/webinar-Norm-final-new.jpg 600w\" sizes=\"(max-width: 300px) 100vw, 300px\" title=\"webinar Norm -final-new\" alt=\"\" \t\tclass=\"so-widget-image\"\/>\n\t<\/div>\n\n<\/div><\/div><\/div><div id=\"pgc-w679cf50d503ac-14-1\"  class=\"panel-grid-cell\" ><div id=\"panel-w679cf50d503ac-14-1-0\" class=\"so-panel widget widget_sow-editor panel-first-child panel-last-child\" data-index=\"29\" ><div\n\t\t\t\n\t\t\tclass=\"so-widget-sow-editor so-widget-sow-editor-base\"\n\t\t\t\n\t\t>\n<div class=\"siteorigin-widget-tinymce textwidget\">\n\t<table style=\"border-collapse: collapse; width: 100%;\" border=\"1\">\n<tbody>\n<tr style=\"height: 24px;\">\n<td style=\"width: 6.5055%; border-style: hidden; vertical-align: top; height: 51px;\"><img loading=\"lazy\" decoding=\"async\" class=\"aligncenter size-full wp-image-653\" src=\"http:\/\/www.reprolam.com\/wp-content\/uploads\/2020\/10\/3313576-24.png\" alt=\"\" width=\"24\" height=\"24\" \/><\/td>\n<td style=\"width: 93.4945%; border-style: hidden; vertical-align: top; height: 51px;\">Video Conferencia REPROLAM, \u201cEstado de la Protecci\u00f3n Radiol\u00f3gica en las industrias NORM\u201d, 25 de Noviembre 2021<strong>\u00a0\u00a0 <\/strong>(<a href=\"https:\/\/youtu.be\/vD54n6qf7Io\" target=\"_blank\" rel=\"noopener noreferrer\"><u>Canal de Yotube<\/u><\/a>)<\/p>\n<p><strong>MODERADORA:<\/strong><\/p>\n<ul>\n<li>Isis Mar\u00eda Fern\u00e1ndez G\u00f3mez. Jefa del Laboratorio de\u00a0 Vigilancia Radiol\u00f3gica Ambiental, del CPHR. <strong>CUBA<\/strong>.<\/li>\n<\/ul>\n<p>&nbsp;<br \/>\n<strong>CONFERENCISTAS<\/strong>:<\/p>\n<ul>\n<li>Jos\u00e9 Marcus Godoy. Dpto. Qu\u00edmica PUC\/RJ. <strong>BRASIL<\/strong>.<\/li>\n<li>Juan Carlos Mora Canadas, Oficial del Programa de Seguridad Radiol\u00f3gica y Monitoreo de las Radiaciones. <strong>OIEA<\/strong>.<\/li>\n<li>Mario B\u00e1rcenas Robles, Jefe del Departamento de Protecci\u00f3n Radiol\u00f3gica, ININ. <strong>MEXICO<\/strong>.<\/li>\n<li>Beatriz Hern\u00e1ndez M\u00e9ndez.\u00a0 Investigador en Ciencias Ambientales, ININ. <strong>MEXICO<\/strong>.<\/li>\n<\/ul>\n<\/td>\n<\/tr>\n<\/tbody>\n<\/table>\n<\/div>\n<\/div><\/div><\/div><\/div><div id=\"pg-w679cf50d503ac-15\"  class=\"panel-grid panel-no-style\" ><div id=\"pgc-w679cf50d503ac-15-0\"  class=\"panel-grid-cell\" ><div id=\"panel-w679cf50d503ac-15-0-0\" class=\"so-panel widget widget_sow-image panel-first-child panel-last-child\" data-index=\"30\" ><div\n\t\t\t\n\t\t\tclass=\"so-widget-sow-image so-widget-sow-image-default-8b5b6f678277\"\n\t\t\t\n\t\t>\n<div class=\"sow-image-container\">\n\t\t<img \n\tsrc=\"http:\/\/www.reprolam.com\/wp-content\/uploads\/2021\/11\/Cartel-webinar-28-de-outurbo-300x169.jpg\" width=\"300\" height=\"169\" srcset=\"http:\/\/www.reprolam.com\/wp-content\/uploads\/2021\/11\/Cartel-webinar-28-de-outurbo-300x169.jpg 300w, http:\/\/www.reprolam.com\/wp-content\/uploads\/2021\/11\/Cartel-webinar-28-de-outurbo-1024x576.jpg 1024w, http:\/\/www.reprolam.com\/wp-content\/uploads\/2021\/11\/Cartel-webinar-28-de-outurbo-768x432.jpg 768w, http:\/\/www.reprolam.com\/wp-content\/uploads\/2021\/11\/Cartel-webinar-28-de-outurbo.jpg 1280w\" sizes=\"(max-width: 300px) 100vw, 300px\" title=\"Cartel webinar-28 de outurbo\" alt=\"\" \t\tclass=\"so-widget-image\"\/>\n\t<\/div>\n\n<\/div><\/div><\/div><div id=\"pgc-w679cf50d503ac-15-1\"  class=\"panel-grid-cell\" ><div id=\"panel-w679cf50d503ac-15-1-0\" class=\"so-panel widget widget_sow-editor panel-first-child panel-last-child\" data-index=\"31\" ><div\n\t\t\t\n\t\t\tclass=\"so-widget-sow-editor so-widget-sow-editor-base\"\n\t\t\t\n\t\t>\n<div class=\"siteorigin-widget-tinymce textwidget\">\n\t<table style=\"border-collapse: collapse; width: 100%;\" border=\"1\">\n<tbody>\n<tr style=\"height: 24px;\">\n<td style=\"width: 6.5055%; border-style: hidden; vertical-align: top; height: 51px;\"><img loading=\"lazy\" decoding=\"async\" class=\"aligncenter size-full wp-image-653\" src=\"http:\/\/www.reprolam.com\/wp-content\/uploads\/2020\/10\/3313576-24.png\" alt=\"\" width=\"24\" height=\"24\" \/><\/td>\n<td style=\"width: 93.4945%; border-style: hidden; vertical-align: top; height: 51px;\">\n<ul>\n<li>Video Conferencia REPROLAM, \u201cKit de herramientas para la implementaci\u00f3n de las\u00a010 Acciones\u00a0del Llamado de Bonn\u201d, 28 de Octubre 2021<strong>\u00a0\u00a0 <\/strong>(<a href=\"https:\/\/youtu.be\/OfxSlz0tRR4\" target=\"_blank\" rel=\"noopener noreferrer\"><u>Canal de Yotube<\/u><\/a>)<\/li>\n<\/ul>\n<p>&nbsp;<\/p>\n<p><strong>CONFERENCISTAS<\/strong>:<\/p>\n<ul>\n<li>Alejandro Nader. Especialista en Protecci\u00f3n Radiol\u00f3gica en Medicina, <strong>OIEA<\/strong>.<\/li>\n<li>Mar\u00eda del Rosario P\u00e9rez, Departamento de Salud P\u00fablica y Medio Ambiente de la Organizaci\u00f3n Mundial de la Salud, <strong>OMS<\/strong>.<\/li>\n<li>Cinthia Papp, Magister en F\u00edsica M\u00e9dica, \u00c1rea de protecci\u00f3n radiol\u00f3gica en radiodiagn\u00f3stico y medicina nuclear, <strong>Argentina<\/strong><\/li>\n<\/ul>\n<\/td>\n<\/tr>\n<\/tbody>\n<\/table>\n<\/div>\n<\/div><\/div><\/div><\/div><div id=\"pg-w679cf50d503ac-16\"  class=\"panel-grid panel-no-style\" ><div id=\"pgc-w679cf50d503ac-16-0\"  class=\"panel-grid-cell\" ><div id=\"panel-w679cf50d503ac-16-0-0\" class=\"so-panel widget widget_sow-image panel-first-child panel-last-child\" data-index=\"32\" ><div\n\t\t\t\n\t\t\tclass=\"so-widget-sow-image so-widget-sow-image-default-8b5b6f678277\"\n\t\t\t\n\t\t>\n<div class=\"sow-image-container\">\n\t\t<img \n\tsrc=\"http:\/\/www.reprolam.com\/wp-content\/uploads\/2021\/09\/webminarcalidad-300x162.jpg\" width=\"300\" height=\"162\" srcset=\"http:\/\/www.reprolam.com\/wp-content\/uploads\/2021\/09\/webminarcalidad-300x162.jpg 300w, http:\/\/www.reprolam.com\/wp-content\/uploads\/2021\/09\/webminarcalidad-768x415.jpg 768w, http:\/\/www.reprolam.com\/wp-content\/uploads\/2021\/09\/webminarcalidad.jpg 952w\" sizes=\"(max-width: 300px) 100vw, 300px\" alt=\"\" \t\tclass=\"so-widget-image\"\/>\n\t<\/div>\n\n<\/div><\/div><\/div><div id=\"pgc-w679cf50d503ac-16-1\"  class=\"panel-grid-cell\" ><div id=\"panel-w679cf50d503ac-16-1-0\" class=\"so-panel widget widget_sow-editor panel-first-child panel-last-child\" data-index=\"33\" ><div\n\t\t\t\n\t\t\tclass=\"so-widget-sow-editor so-widget-sow-editor-base\"\n\t\t\t\n\t\t>\n<div class=\"siteorigin-widget-tinymce textwidget\">\n\t<table style=\"border-collapse: collapse; width: 100%;\" border=\"1\">\n<tbody>\n<tr style=\"height: 24px;\">\n<td style=\"width: 6.5055%; border-style: hidden; vertical-align: top; height: 51px;\"><img loading=\"lazy\" decoding=\"async\" class=\"aligncenter size-full wp-image-653\" src=\"http:\/\/www.reprolam.com\/wp-content\/uploads\/2020\/10\/3313576-24.png\" alt=\"\" width=\"24\" height=\"24\" \/><\/td>\n<td style=\"width: 93.4945%; border-style: hidden; vertical-align: top; height: 51px;\">Video Conferencia REPROLAM, \u201cCalidad y protecci\u00f3n radiol\u00f3gica del paciente en Am\u00e9rica Latina\u201d, 26 de Agosto del 2021 (<a href=\"https:\/\/youtu.be\/pPwIGX8nSqs\" target=\"_blank\" rel=\"noopener noreferrer\"><u>Canal de Yotube<\/u><\/a>)<\/td>\n<\/tr>\n<tr style=\"height: 144px;\">\n<td style=\"width: 6.5055%; border-style: hidden; vertical-align: top; height: 144px;\"><\/td>\n<td style=\"width: 93.4945%; border-style: hidden; vertical-align: top; height: 144px;\"><strong>CONFERENCISTAS<\/strong>:<\/p>\n<ul>\n<li>Ra\u00fal Ram\u00edrez. Jefe de la Secci\u00f3n en la Divisi\u00f3n de Cooperaci\u00f3n T\u00e9cnica para Am\u00e9rica Latina y el Caribe \u2013 OIEA.<\/li>\n<li>Sandra Guzm\u00e1n. Presidenta de la ALFIM.<\/li>\n<li>Jayme Ferrari Bulh\u00f5es Filho. GE Healthcare Services.<\/li>\n<\/ul>\n<\/td>\n<\/tr>\n<tr style=\"height: 24px;\">\n<td style=\"width: 6.5055%; border-style: hidden; vertical-align: top; height: 24px;\"><\/td>\n<td style=\"width: 93.4945%; border-style: hidden; vertical-align: top; height: 24px;\"><\/td>\n<\/tr>\n<\/tbody>\n<\/table>\n<\/div>\n<\/div><\/div><\/div><\/div><div id=\"pg-w679cf50d503ac-17\"  class=\"panel-grid panel-no-style\" ><div id=\"pgc-w679cf50d503ac-17-0\"  class=\"panel-grid-cell\" ><div id=\"panel-w679cf50d503ac-17-0-0\" class=\"so-panel widget widget_sow-image panel-first-child panel-last-child\" data-index=\"34\" ><div\n\t\t\t\n\t\t\tclass=\"so-widget-sow-image so-widget-sow-image-default-8b5b6f678277\"\n\t\t\t\n\t\t>\n<div class=\"sow-image-container\">\n\t\t<img \n\tsrc=\"http:\/\/www.reprolam.com\/wp-content\/uploads\/2021\/07\/Reprolam_webinar-300x169.jpg\" width=\"300\" height=\"169\" srcset=\"http:\/\/www.reprolam.com\/wp-content\/uploads\/2021\/07\/Reprolam_webinar-300x169.jpg 300w, http:\/\/www.reprolam.com\/wp-content\/uploads\/2021\/07\/Reprolam_webinar-768x432.jpg 768w, http:\/\/www.reprolam.com\/wp-content\/uploads\/2021\/07\/Reprolam_webinar.jpg 1024w\" sizes=\"(max-width: 300px) 100vw, 300px\" alt=\"\" \t\tclass=\"so-widget-image\"\/>\n\t<\/div>\n\n<\/div><\/div><\/div><div id=\"pgc-w679cf50d503ac-17-1\"  class=\"panel-grid-cell\" ><div id=\"panel-w679cf50d503ac-17-1-0\" class=\"so-panel widget widget_sow-editor panel-first-child panel-last-child\" data-index=\"35\" ><div\n\t\t\t\n\t\t\tclass=\"so-widget-sow-editor so-widget-sow-editor-base\"\n\t\t\t\n\t\t>\n<div class=\"siteorigin-widget-tinymce textwidget\">\n\t<table style=\"border-collapse: collapse; width: 100%;\" border=\"1\">\n<tbody>\n<tr style=\"height: 24px;\">\n<td style=\"width: 6.63874%; border-style: hidden; vertical-align: top; height: 51px;\"><img loading=\"lazy\" decoding=\"async\" class=\"aligncenter size-full wp-image-653\" src=\"http:\/\/www.reprolam.com\/wp-content\/uploads\/2020\/10\/3313576-24.png\" alt=\"\" width=\"24\" height=\"24\" \/><\/td>\n<td style=\"width: 93.3613%; border-style: hidden; vertical-align: top; height: 51px;\">Video Conferencia REPROLAM, \u201cUSO DE LA DOSIMETR\u00cdA COMPUTACIONAL EN EL APOYO A EMERGENCIAS RADIOL\u00d3GICAS\u201d, 30 de Junio 2021(<a href=\"https:\/\/www.youtube.com\/watch?v=-Y4XP_z7X4k\" target=\"_blank\" rel=\"noopener noreferrer\">Canal de Yotube<\/a>)<\/td>\n<\/tr>\n<tr style=\"height: 144px;\">\n<td style=\"width: 6.63874%; border-style: hidden; vertical-align: top; height: 144px;\"><\/td>\n<td style=\"width: 93.3613%; border-style: hidden; vertical-align: top; height: 144px;\">&nbsp;<\/p>\n<p><strong>CONFERENCISTAS<\/strong>:<\/p>\n<ul>\n<li>Sebasti\u00e1n Gossio. ARN \u2013 Argentina<\/li>\n<li>Denison de Souza-Santos &#8211; IRD &#8211; Brasil<\/li>\n<li>Mar\u00eda Josefa Granada Ferrero. CSN \u2013 Espa\u00f1a.<\/li>\n<li>John Graham Hunt. CNEN \u2013 Brasil<\/li>\n<\/ul>\n<\/td>\n<\/tr>\n<tr style=\"height: 24px;\">\n<td style=\"width: 6.63874%; border-style: hidden; vertical-align: top; height: 24px;\"><\/td>\n<td style=\"width: 93.3613%; border-style: hidden; vertical-align: top; height: 24px;\"><\/td>\n<\/tr>\n<\/tbody>\n<\/table>\n<\/div>\n<\/div><\/div><\/div><\/div><div id=\"pg-w679cf50d503ac-18\"  class=\"panel-grid panel-no-style\" ><div id=\"pgc-w679cf50d503ac-18-0\"  class=\"panel-grid-cell\" ><div id=\"panel-w679cf50d503ac-18-0-0\" class=\"so-panel widget widget_sow-image panel-first-child panel-last-child\" data-index=\"36\" ><div\n\t\t\t\n\t\t\tclass=\"so-widget-sow-image so-widget-sow-image-default-8b5b6f678277\"\n\t\t\t\n\t\t>\n<div class=\"sow-image-container\">\n\t\t<img \n\tsrc=\"http:\/\/www.reprolam.com\/wp-content\/uploads\/2021\/05\/semidoint-300x169.jpg\" width=\"300\" height=\"169\" srcset=\"http:\/\/www.reprolam.com\/wp-content\/uploads\/2021\/05\/semidoint-300x169.jpg 300w, http:\/\/www.reprolam.com\/wp-content\/uploads\/2021\/05\/semidoint-1024x576.jpg 1024w, http:\/\/www.reprolam.com\/wp-content\/uploads\/2021\/05\/semidoint-768x432.jpg 768w, http:\/\/www.reprolam.com\/wp-content\/uploads\/2021\/05\/semidoint-1536x864.jpg 1536w, http:\/\/www.reprolam.com\/wp-content\/uploads\/2021\/05\/semidoint-2048x1152.jpg 2048w\" sizes=\"(max-width: 300px) 100vw, 300px\" title=\"semidoint\" alt=\"\" \t\tclass=\"so-widget-image\"\/>\n\t<\/div>\n\n<\/div><\/div><\/div><div id=\"pgc-w679cf50d503ac-18-1\"  class=\"panel-grid-cell\" ><div id=\"panel-w679cf50d503ac-18-1-0\" class=\"so-panel widget widget_sow-editor panel-first-child panel-last-child\" data-index=\"37\" ><div\n\t\t\t\n\t\t\tclass=\"so-widget-sow-editor so-widget-sow-editor-base\"\n\t\t\t\n\t\t>\n<div class=\"siteorigin-widget-tinymce textwidget\">\n\t<table style=\"border-collapse: collapse; width: 100%;\" border=\"1\">\n<tbody>\n<tr style=\"height: 24px;\">\n<td style=\"width: 6.63874%; border-style: hidden; vertical-align: top; height: 51px;\"><img loading=\"lazy\" decoding=\"async\" class=\"aligncenter size-full wp-image-653\" src=\"http:\/\/www.reprolam.com\/wp-content\/uploads\/2020\/10\/3313576-24.png\" alt=\"\" width=\"24\" height=\"24\" \/><\/td>\n<td style=\"width: 93.3613%; border-style: hidden; vertical-align: top; height: 51px;\">Video Conferencia REPROLAM, \u201cBases para la Dosimetr\u00eda Interna Ocupacional y Desaf\u00edos Actuales en la Regi\u00f3n Latinoamericana y el Caribe\u201d, <strong>2<\/strong>2 de Abril de 2021 (<a href=\"https:\/\/youtu.be\/ch6uDXlsX6g\"><u>Canal de Yotube<\/u><\/a>)<\/td>\n<\/tr>\n<tr style=\"height: 144px;\">\n<td style=\"width: 6.63874%; border-style: hidden; vertical-align: top; height: 144px;\"><\/td>\n<td style=\"width: 93.3613%; border-style: hidden; vertical-align: top; height: 144px;\">&nbsp;<\/p>\n<p><strong>CONFERENCISTAS<\/strong>:<\/p>\n<ul>\n<li>Nancy Puerta Yepes. ARN \u2013 Argentina<\/li>\n<li>Gladys L\u00f3pez Bejerano. AENTA \u2013 Cuba.<\/li>\n<li>Dayana Ramos Machado. CPHR &#8211; Cuba<\/li>\n<li>Mariella Ter\u00e1n. Hospital Universitario \u2013 Uruguay<\/li>\n<li>Erik Mora Ram\u00edrez. CICANUM \u2013 Costa Rica<\/li>\n<\/ul>\n<\/td>\n<\/tr>\n<tr style=\"height: 24px;\">\n<td style=\"width: 6.63874%; border-style: hidden; vertical-align: top; height: 24px;\"><\/td>\n<td style=\"width: 93.3613%; border-style: hidden; vertical-align: top; height: 24px;\"><\/td>\n<\/tr>\n<\/tbody>\n<\/table>\n<\/div>\n<\/div><\/div><\/div><\/div><div id=\"pg-w679cf50d503ac-19\"  class=\"panel-grid panel-no-style\" ><div id=\"pgc-w679cf50d503ac-19-0\"  class=\"panel-grid-cell\" ><div id=\"panel-w679cf50d503ac-19-0-0\" class=\"so-panel widget widget_sow-image panel-first-child panel-last-child\" data-index=\"38\" ><div\n\t\t\t\n\t\t\tclass=\"so-widget-sow-image so-widget-sow-image-default-8b5b6f678277\"\n\t\t\t\n\t\t>\n<div class=\"sow-image-container\">\n\t\t<img \n\tsrc=\"http:\/\/www.reprolam.com\/wp-content\/uploads\/2021\/04\/WEBINAR-RND-300x169.jpg\" width=\"300\" height=\"169\" srcset=\"http:\/\/www.reprolam.com\/wp-content\/uploads\/2021\/04\/WEBINAR-RND-300x169.jpg 300w, http:\/\/www.reprolam.com\/wp-content\/uploads\/2021\/04\/WEBINAR-RND-1024x576.jpg 1024w, http:\/\/www.reprolam.com\/wp-content\/uploads\/2021\/04\/WEBINAR-RND-768x432.jpg 768w, http:\/\/www.reprolam.com\/wp-content\/uploads\/2021\/04\/WEBINAR-RND.jpg 1280w\" sizes=\"(max-width: 300px) 100vw, 300px\" alt=\"\" \t\tclass=\"so-widget-image\"\/>\n\t<\/div>\n\n<\/div><\/div><\/div><div id=\"pgc-w679cf50d503ac-19-1\"  class=\"panel-grid-cell\" ><div id=\"panel-w679cf50d503ac-19-1-0\" class=\"so-panel widget widget_sow-editor panel-first-child panel-last-child\" data-index=\"39\" ><div\n\t\t\t\n\t\t\tclass=\"so-widget-sow-editor so-widget-sow-editor-base\"\n\t\t\t\n\t\t>\n<div class=\"siteorigin-widget-tinymce textwidget\">\n\t<table style=\"border-collapse: collapse; width: 100%;\" border=\"1\">\n<tbody>\n<tr style=\"height: 24px;\">\n<td style=\"width: 6.63874%; border-style: hidden; vertical-align: top; height: 24px;\"><img loading=\"lazy\" decoding=\"async\" class=\"aligncenter size-full wp-image-653\" src=\"http:\/\/www.reprolam.com\/wp-content\/uploads\/2020\/10\/3313576-24.png\" alt=\"\" width=\"24\" height=\"24\" \/><\/td>\n<td style=\"width: 93.3613%; border-style: hidden; vertical-align: top; height: 24px;\">Video Conferencia REPROLAM, Experiencias de la implementaci\u00f3n del Registro Nacional de Dosis para Am\u00e9rica Latina y Espa\u00f1a. \u00a0La plataforma europea sobre datos de exposici\u00f3n ocupacional, \u201cESOREX\u201d, <strong>31 de Marzo de 2021<\/strong> (<a href=\"https:\/\/youtu.be\/5jyPCvLI7Xc\" target=\"_blank\" rel=\"noopener noreferrer\"><u>Canal de Yotube<\/u><\/a>)<\/p>\n<p><strong>MODERADOR<\/strong>:<\/p>\n<ul>\n<li>Luiz Ernesto Matta. IRD\/CNEN &#8211; Brasil<\/li>\n<\/ul>\n<\/td>\n<\/tr>\n<tr>\n<td style=\"width: 6.63874%; border-style: hidden; vertical-align: top;\"><\/td>\n<td style=\"width: 93.3613%; border-style: hidden; vertical-align: top;\"><\/td>\n<\/tr>\n<tr>\n<td style=\"width: 6.63874%; border-style: hidden; vertical-align: top;\"><\/td>\n<td style=\"width: 93.3613%; border-style: hidden; vertical-align: top;\"><strong>CONFERENCISTAS<\/strong>:<\/p>\n<ul>\n<li>Maryzury Vald\u00e9s Ramos. CPHR &#8211; Cuba<\/li>\n<li>Norma Alejandra Roas Z\u00faniga. LA-FRAM-UNAM \u2013 Nicaragua<\/li>\n<li>Mar\u00eda Luisa Tormo. CSN \u2013 Espa\u00f1a.<\/li>\n<\/ul>\n<\/td>\n<\/tr>\n<tr>\n<td style=\"width: 6.63874%; border-style: hidden; vertical-align: top;\"><\/td>\n<td style=\"width: 93.3613%; border-style: hidden; vertical-align: top;\"><\/td>\n<\/tr>\n<\/tbody>\n<\/table>\n<\/div>\n<\/div><\/div><\/div><\/div><div id=\"pg-w679cf50d503ac-20\"  class=\"panel-grid panel-no-style\" ><div id=\"pgc-w679cf50d503ac-20-0\"  class=\"panel-grid-cell\" ><div id=\"panel-w679cf50d503ac-20-0-0\" class=\"so-panel widget widget_sow-image panel-first-child panel-last-child\" data-index=\"40\" ><div\n\t\t\t\n\t\t\tclass=\"so-widget-sow-image so-widget-sow-image-default-8b5b6f678277\"\n\t\t\t\n\t\t>\n<div class=\"sow-image-container\">\n\t\t<img \n\tsrc=\"http:\/\/www.reprolam.com\/wp-content\/uploads\/2021\/05\/segur-300x160.jpg\" width=\"300\" height=\"160\" srcset=\"http:\/\/www.reprolam.com\/wp-content\/uploads\/2021\/05\/segur-300x160.jpg 300w, http:\/\/www.reprolam.com\/wp-content\/uploads\/2021\/05\/segur-1024x547.jpg 1024w, http:\/\/www.reprolam.com\/wp-content\/uploads\/2021\/05\/segur-768x410.jpg 768w, http:\/\/www.reprolam.com\/wp-content\/uploads\/2021\/05\/segur.jpg 1184w\" sizes=\"(max-width: 300px) 100vw, 300px\" alt=\"\" \t\tclass=\"so-widget-image\"\/>\n\t<\/div>\n\n<\/div><\/div><\/div><div id=\"pgc-w679cf50d503ac-20-1\"  class=\"panel-grid-cell\" ><div id=\"panel-w679cf50d503ac-20-1-0\" class=\"so-panel widget widget_sow-editor panel-first-child panel-last-child\" data-index=\"41\" ><div\n\t\t\t\n\t\t\tclass=\"so-widget-sow-editor so-widget-sow-editor-base\"\n\t\t\t\n\t\t>\n<div class=\"siteorigin-widget-tinymce textwidget\">\n\t<table style=\"border-collapse: collapse; width: 100%;\" border=\"1\">\n<tbody>\n<tr style=\"height: 24px;\">\n<td style=\"width: 6.63874%; border-style: hidden; vertical-align: top; height: 24px;\"><img loading=\"lazy\" decoding=\"async\" class=\"aligncenter size-full wp-image-653\" src=\"http:\/\/www.reprolam.com\/wp-content\/uploads\/2020\/10\/3313576-24.png\" alt=\"\" width=\"24\" height=\"24\" \/><\/td>\n<td style=\"width: 93.3613%; border-style: hidden; vertical-align: top; height: 24px;\">Video Conferencia REPROLAM, \u201cEvaluaciones de Seguridad de Instalaciones y actividades: Hacia una Evaluaci\u00f3n integral de la seguridad\u201d, <strong>15 de Enero del 2021<\/strong>. (<a href=\"https:\/\/youtu.be\/pK-IL6TKfYg\" target=\"_blank\" rel=\"noopener noreferrer\">Canal de Yotube<\/a>)<\/td>\n<\/tr>\n<\/tbody>\n<\/table>\n<\/div>\n<\/div><\/div><\/div><\/div><div id=\"pg-w679cf50d503ac-21\"  class=\"panel-grid panel-no-style\" ><div id=\"pgc-w679cf50d503ac-21-0\"  class=\"panel-grid-cell\" ><div id=\"panel-w679cf50d503ac-21-0-0\" class=\"so-panel widget widget_sow-image panel-first-child panel-last-child\" data-index=\"42\" ><div\n\t\t\t\n\t\t\tclass=\"so-widget-sow-image so-widget-sow-image-default-8b5b6f678277\"\n\t\t\t\n\t\t>\n<div class=\"sow-image-container\">\n\t\t<img \n\tsrc=\"http:\/\/www.reprolam.com\/wp-content\/uploads\/2020\/11\/WhatsApp-Image-2020-10-28-at-08.20.38-1.jpeg\" width=\"1280\" height=\"728\" srcset=\"http:\/\/www.reprolam.com\/wp-content\/uploads\/2020\/11\/WhatsApp-Image-2020-10-28-at-08.20.38-1.jpeg 1280w, http:\/\/www.reprolam.com\/wp-content\/uploads\/2020\/11\/WhatsApp-Image-2020-10-28-at-08.20.38-1-300x171.jpeg 300w, http:\/\/www.reprolam.com\/wp-content\/uploads\/2020\/11\/WhatsApp-Image-2020-10-28-at-08.20.38-1-1024x582.jpeg 1024w, http:\/\/www.reprolam.com\/wp-content\/uploads\/2020\/11\/WhatsApp-Image-2020-10-28-at-08.20.38-1-768x437.jpeg 768w\" sizes=\"(max-width: 1280px) 100vw, 1280px\" title=\"WhatsApp Image 2020-10-28 at 08.20.38 (1)\" alt=\"\" \t\tclass=\"so-widget-image\"\/>\n\t<\/div>\n\n<\/div><\/div><\/div><div id=\"pgc-w679cf50d503ac-21-1\"  class=\"panel-grid-cell\" ><div id=\"panel-w679cf50d503ac-21-1-0\" class=\"so-panel widget widget_sow-editor panel-first-child panel-last-child\" data-index=\"43\" ><div\n\t\t\t\n\t\t\tclass=\"so-widget-sow-editor so-widget-sow-editor-base\"\n\t\t\t\n\t\t>\n<div class=\"siteorigin-widget-tinymce textwidget\">\n\t<table style=\"border-collapse: collapse; width: 100%;\" border=\"1\">\n<tbody>\n<tr style=\"height: 24px;\">\n<td style=\"width: 6.63874%; border-style: hidden; vertical-align: top; height: 24px;\"><img loading=\"lazy\" decoding=\"async\" class=\"aligncenter size-full wp-image-653\" src=\"http:\/\/www.reprolam.com\/wp-content\/uploads\/2020\/10\/3313576-24.png\" alt=\"\" width=\"24\" height=\"24\" \/><\/td>\n<td style=\"width: 93.3613%; border-style: hidden; vertical-align: top; height: 24px;\">Video Conferencia de Protecci\u00f3n Radiol\u00f3gica en Intervencionismo, <strong>12 de Noviembre del 2020<\/strong> (<a href=\"https:\/\/youtu.be\/sx8ZF0v3W2M\" target=\"_blank\" rel=\"noopener noreferrer\">Canal de Youtube<\/a>)<\/td>\n<\/tr>\n<\/tbody>\n<\/table>\n<\/div>\n<\/div><\/div><\/div><\/div><div id=\"pg-w679cf50d503ac-22\"  class=\"panel-grid panel-no-style\" ><div id=\"pgc-w679cf50d503ac-22-0\"  class=\"panel-grid-cell\" ><div id=\"panel-w679cf50d503ac-22-0-0\" class=\"so-panel widget widget_sow-image panel-first-child panel-last-child\" data-index=\"44\" ><div\n\t\t\t\n\t\t\tclass=\"so-widget-sow-image so-widget-sow-image-default-8b5b6f678277\"\n\t\t\t\n\t\t>\n<div class=\"sow-image-container\">\n\t\t<img \n\tsrc=\"http:\/\/www.reprolam.com\/wp-content\/uploads\/2020\/10\/reunion1.jpg\" width=\"408\" height=\"231\" srcset=\"http:\/\/www.reprolam.com\/wp-content\/uploads\/2020\/10\/reunion1.jpg 408w, http:\/\/www.reprolam.com\/wp-content\/uploads\/2020\/10\/reunion1-300x170.jpg 300w\" sizes=\"(max-width: 408px) 100vw, 408px\" alt=\"\" \t\tclass=\"so-widget-image\"\/>\n\t<\/div>\n\n<\/div><\/div><\/div><div id=\"pgc-w679cf50d503ac-22-1\"  class=\"panel-grid-cell\" ><div id=\"panel-w679cf50d503ac-22-1-0\" class=\"so-panel widget widget_sow-editor panel-first-child panel-last-child\" data-index=\"45\" ><div\n\t\t\t\n\t\t\tclass=\"so-widget-sow-editor so-widget-sow-editor-base\"\n\t\t\t\n\t\t>\n<div class=\"siteorigin-widget-tinymce textwidget\">\n\t<table style=\"border-collapse: collapse; width: 100%;\" border=\"1\">\n<tbody>\n<tr style=\"height: 56px;\">\n<td style=\"width: 6.70536%; border-style: hidden; vertical-align: top; height: 56px;\"><img loading=\"lazy\" decoding=\"async\" class=\"aligncenter size-full wp-image-653\" src=\"http:\/\/www.reprolam.com\/wp-content\/uploads\/2020\/10\/3313576-24.png\" alt=\"\" width=\"24\" height=\"24\" \/><\/td>\n<td style=\"width: 93.2947%; border-style: hidden; vertical-align: top; height: 56px;\">Primera reuni\u00f3n para los Miembros de REPROLAM ( <a href=\"http:\/\/www.reprolam.com\/wp-content\/uploads\/2020\/10\/REPROLAM-Final-2782020-Miembros-FIN.pptx\">Power Point<\/a> )<\/td>\n<\/tr>\n<tr style=\"height: 24px;\">\n<td style=\"width: 6.70536%; border-style: hidden; vertical-align: top; height: 24px;\"><img loading=\"lazy\" decoding=\"async\" class=\"aligncenter size-full wp-image-653\" src=\"http:\/\/www.reprolam.com\/wp-content\/uploads\/2020\/10\/3313576-24.png\" alt=\"\" width=\"24\" height=\"24\" \/><\/td>\n<td style=\"width: 93.2947%; border-style: hidden; vertical-align: top; height: 24px;\">Video Conferencia para los Miembros de REPROLAM, <strong>27 de Agosto del 2020<\/strong> (<a href=\"https:\/\/youtu.be\/xiWl3yZ11Gs\" target=\"_blank\" rel=\"noopener noreferrer\">Canal de Youtube<\/a>)<\/td>\n<\/tr>\n<\/tbody>\n<\/table>\n<\/div>\n<\/div><\/div><\/div><\/div><\/div><\/div><\/div><\/div><div id=\"pgc-gb2211-69f747fa32c39-0-1\"  class=\"panel-grid-cell\" ><div id=\"panel-gb2211-69f747fa32c39-0-1-0\" class=\"so-panel widget widget_sow-image panel-first-child panel-last-child\" data-index=\"1\" ><div class=\"panel-widget-style panel-widget-style-for-gb2211-69f747fa32c39-0-1-0\" ><div\n\t\t\t\n\t\t\tclass=\"so-widget-sow-image so-widget-sow-image-default-8b5b6f678277-2211\"\n\t\t\t\n\t\t>\n<div class=\"sow-image-container\">\n\t\t<img \n\tsrc=\"http:\/\/www.reprolam.com\/wp-content\/uploads\/2020\/10\/webminar.jpg\" width=\"452\" height=\"267\" srcset=\"http:\/\/www.reprolam.com\/wp-content\/uploads\/2020\/10\/webminar.jpg 452w, http:\/\/www.reprolam.com\/wp-content\/uploads\/2020\/10\/webminar-300x177.jpg 300w\" sizes=\"(max-width: 452px) 100vw, 452px\" alt=\"\" \t\tclass=\"so-widget-image\"\/>\n\t<\/div>\n\n<\/div><\/div><\/div><\/div><\/div><\/div><\/div>\n\n\n<p><\/p>\n","protected":false},"excerpt":{"rendered":"","protected":false},"author":1,"featured_media":2223,"parent":66,"menu_order":0,"comment_status":"closed","ping_status":"closed","template":"page-templates\/page-builder.php","meta":{"footnotes":""},"_links":{"self":[{"href":"http:\/\/www.reprolam.com\/index.php?rest_route=\/wp\/v2\/pages\/2211"}],"collection":[{"href":"http:\/\/www.reprolam.com\/index.php?rest_route=\/wp\/v2\/pages"}],"about":[{"href":"http:\/\/www.reprolam.com\/index.php?rest_route=\/wp\/v2\/types\/page"}],"author":[{"embeddable":true,"href":"http:\/\/www.reprolam.com\/index.php?rest_route=\/wp\/v2\/users\/1"}],"replies":[{"embeddable":true,"href":"http:\/\/www.reprolam.com\/index.php?rest_route=%2Fwp%2Fv2%2Fcomments&post=2211"}],"version-history":[{"count":54,"href":"http:\/\/www.reprolam.com\/index.php?rest_route=\/wp\/v2\/pages\/2211\/revisions"}],"predecessor-version":[{"id":5192,"href":"http:\/\/www.reprolam.com\/index.php?rest_route=\/wp\/v2\/pages\/2211\/revisions\/5192"}],"up":[{"embeddable":true,"href":"http:\/\/www.reprolam.com\/index.php?rest_route=\/wp\/v2\/pages\/66"}],"wp:featuredmedia":[{"embeddable":true,"href":"http:\/\/www.reprolam.com\/index.php?rest_route=\/wp\/v2\/media\/2223"}],"wp:attachment":[{"href":"http:\/\/www.reprolam.com\/index.php?rest_route=%2Fwp%2Fv2%2Fmedia&parent=2211"}],"curies":[{"name":"wp","href":"https:\/\/api.w.org\/{rel}","templated":true}]}}