{"id":49,"date":"2020-09-22T14:53:49","date_gmt":"2020-09-22T14:53:49","guid":{"rendered":"http:\/\/www.reprolam.com\/?page_id=49"},"modified":"2020-11-02T18:56:59","modified_gmt":"2020-11-02T18:56:59","slug":"antecedentes","status":"publish","type":"page","link":"http:\/\/www.reprolam.com\/?page_id=49","title":{"rendered":"Antecedentes"},"content":{"rendered":"<div id=\"pl-gb49-69f46886199bd\"  class=\"panel-layout\" ><div id=\"pg-gb49-69f46886199bd-0\"  class=\"panel-grid panel-no-style\" ><div id=\"pgc-gb49-69f46886199bd-0-0\"  class=\"panel-grid-cell\" ><div id=\"panel-gb49-69f46886199bd-0-0-0\" class=\"so-panel widget widget_sow-editor panel-first-child panel-last-child\" data-index=\"0\" ><div class=\"panel-widget-style panel-widget-style-for-gb49-69f46886199bd-0-0-0\" ><div\n\t\t\t\n\t\t\tclass=\"so-widget-sow-editor so-widget-sow-editor-base\"\n\t\t\t\n\t\t>\n<div class=\"siteorigin-widget-tinymce textwidget\">\n\t<p>&nbsp;<\/p>\n<p style=\"text-align: justify;\"><span style=\"color: #000080;\"><strong>2002\u00a0 (Ginebra, Suiza), <\/strong><strong>2003 (Rabat, Marruecos)<\/strong><\/span><\/p>\n<p style=\"text-align: justify;\">En la Conferencia sobre Protecci\u00f3n Radiol\u00f3gica Ocupacional celebrada en Ginebra, Suiza en 2002 y\u00a0 en la Conferencia Internacional sobre Infraestructuras Nacionales para la seguridad radiol\u00f3gica, celebrada en 2003 (Rabat, Marruecos), se destac\u00f3 en reiteradas ocasiones la <strong>importancia de la creaci\u00f3n de redes para mejorar y mantener la seguridad y protecci\u00f3n radiol\u00f3gica<\/strong>.<\/p>\n<p style=\"text-align: justify;\">El OIEA provee el marco necesario para la creaci\u00f3n de redes a trav\u00e9s del Plan de Acci\u00f3n Internacional sobre protecci\u00f3n radiol\u00f3gica ocupacional (IAPORP), espec\u00edficamente su tarea 7, \u201c<strong>Proveer un punto focal<\/strong> para el intercambio de informaci\u00f3n a trav\u00e9s de redes\u201d.<\/p>\n<p style=\"text-align: justify;\">Conforme a lo recomendado por la Comisi\u00f3n Internacional de Protecci\u00f3n Radiol\u00f3gica, el <strong>principio de optimizaci\u00f3n<\/strong>,\u00a0 es primordial para la protecci\u00f3n de los trabajadores.<\/p>\n<p style=\"text-align: justify;\"><span style=\"color: #000080;\"><strong>2010\u00a0 &#8211;\u00a0 Se constituye ORPNET<\/strong><\/span><\/p>\n<p style=\"text-align: justify;\">En el a\u00f1o 2010 se constituye la <strong>ORPNET<\/strong>, Red sobre Protecci\u00f3n Radiol\u00f3gica Ocupacional, que promueve la optimizaci\u00f3n de la protecci\u00f3n radiol\u00f3gica ocupacional y que cuenta con amplia informaci\u00f3n sobre redes y sistemas mundiales, regionales y nacionales relativos a la protecci\u00f3n radiol\u00f3gica de los trabajadores y facilita la cooperaci\u00f3n entre las redes participantes.<\/p>\n<p style=\"text-align: justify;\">Los pa\u00edses de Am\u00e9rica Latina poseen <strong>intereses comunes<\/strong> relacionados con la seguridad y protecci\u00f3n radiol\u00f3gica vinculados al logro de los objetivos de los proyectos regionales del OIEA dirigidos a mejorar la infraestructura de protecci\u00f3n radiol\u00f3gica para la aplicaci\u00f3n pr\u00e1ctica del principio de optimizaci\u00f3n mediante la creaci\u00f3n de redes regionales sostenibles;<\/p>\n<p style=\"text-align: justify;\">Un sistema basado en la cooperaci\u00f3n internacional y el establecimiento de redes con todas las partes interesadas, favorecer\u00eda el desarrollo y la difusi\u00f3n de la cultura de seguridad radiol\u00f3gica, permitir\u00eda mejorar la protecci\u00f3n de los trabajadores tanto en situaciones de exposiciones normales como de emergencia;<\/p>\n<p style=\"text-align: justify;\"><span style=\"color: #000080;\"><strong>Octubre 2010 &#8211;\u00a0 Reuni\u00f3n de Coordinaci\u00f3n del Proyecto de Cooperaci\u00f3n T\u00e9cnica RLA\/9\/066, Medell\u00edn, Colombia.<\/strong><\/span><\/p>\n<p style=\"text-align: justify;\">En ese entorno, durante la Reuni\u00f3n de Coordinaci\u00f3n del Proyecto de Cooperaci\u00f3n T\u00e9cnica RLA\/9\/066 \u201cFortalecimiento y actualizaci\u00f3n de las competencias t\u00e9cnicas para la protecci\u00f3n de la salud y seguridad de los trabajadores expuestos ocupacionalmente a la radiaci\u00f3n ionizante\u201d,\u00a0 celebrada en <strong>Medell\u00edn Colombia en Octubre de 2010<\/strong>, los pa\u00edses participantes en el proyecto de asistencia t\u00e9cnica:<\/p>\n<table style=\"width: 99.8924%; border-collapse: collapse; border-style: none;\" border=\"0\" cellpadding=\"0\">\n<tbody>\n<tr style=\"height: 26px;\">\n<td style=\"width: 31.2903%; vertical-align: top; height: 26px;\" width=\"214\"><strong>ARGENTINA<\/strong><\/td>\n<td style=\"width: 35.2688%; vertical-align: top; height: 26px;\" width=\"242\"><strong>BOLIVIA<\/strong><\/td>\n<td style=\"width: 33.3333%; vertical-align: top; height: 286px;\" rowspan=\"11\"><img loading=\"lazy\" decoding=\"async\" class=\"aligncenter wp-image-1512 size-medium\" src=\"http:\/\/www.reprolam.com\/wp-content\/uploads\/2020\/11\/mapanewal-267x300.png\" alt=\"\" width=\"267\" height=\"300\" srcset=\"http:\/\/www.reprolam.com\/wp-content\/uploads\/2020\/11\/mapanewal-267x300.png 267w, http:\/\/www.reprolam.com\/wp-content\/uploads\/2020\/11\/mapanewal.png 498w\" sizes=\"(max-width: 267px) 100vw, 267px\" \/><\/td>\n<\/tr>\n<tr style=\"height: 26px;\">\n<td style=\"width: 31.2903%; vertical-align: top; height: 26px;\" width=\"214\"><strong>BRASIL<\/strong><\/td>\n<td style=\"width: 35.2688%; vertical-align: top; height: 26px;\" width=\"242\"><strong>CHILE<\/strong><\/td>\n<\/tr>\n<tr style=\"height: 26px;\">\n<td style=\"width: 31.2903%; vertical-align: top; height: 26px;\" width=\"214\"><strong>COLOMBIA<\/strong><\/td>\n<td style=\"width: 35.2688%; vertical-align: top; height: 26px;\" width=\"242\"><strong>COSTA RICA<\/strong><\/td>\n<\/tr>\n<tr style=\"height: 26px;\">\n<td style=\"width: 31.2903%; vertical-align: top; height: 26px;\" width=\"214\"><strong>\u00a0CUBA<\/strong><\/td>\n<td style=\"width: 35.2688%; vertical-align: top; height: 26px;\" width=\"242\"><strong>REP\u00daBLICA DOMINICANA<\/strong><\/td>\n<\/tr>\n<tr style=\"height: 26px;\">\n<td style=\"width: 31.2903%; vertical-align: top; height: 26px;\" width=\"214\"><strong>ECUADOR<\/strong><\/td>\n<td style=\"width: 35.2688%; vertical-align: top; height: 26px;\" width=\"242\"><strong>EL SALVADOR<\/strong><\/td>\n<\/tr>\n<tr style=\"height: 26px;\">\n<td style=\"width: 31.2903%; vertical-align: top; height: 26px;\" width=\"214\"><strong>GUATEMALA<\/strong><\/td>\n<td style=\"width: 35.2688%; vertical-align: top; height: 26px;\" width=\"242\"><strong>HAITI<\/strong><\/td>\n<\/tr>\n<tr style=\"height: 26px;\">\n<td style=\"width: 31.2903%; vertical-align: top; height: 26px;\" width=\"214\"><strong>HONDURAS<\/strong><\/td>\n<td style=\"width: 35.2688%; vertical-align: top; height: 26px;\" width=\"242\"><strong>MEXICO<\/strong><\/td>\n<\/tr>\n<tr style=\"height: 26px;\">\n<td style=\"width: 31.2903%; vertical-align: top; height: 26px;\" width=\"214\"><strong>JAMAICA<\/strong><\/td>\n<td style=\"width: 35.2688%; vertical-align: top; height: 26px;\" width=\"242\"><strong>PANAMA<\/strong><\/td>\n<\/tr>\n<tr style=\"height: 26px;\">\n<td style=\"width: 31.2903%; vertical-align: top; height: 26px;\" width=\"214\"><strong>NICARAGUA<\/strong><\/td>\n<td style=\"width: 35.2688%; vertical-align: top; height: 26px;\" width=\"242\"><strong>PARAGUAY<\/strong><\/td>\n<\/tr>\n<tr style=\"height: 26px;\">\n<td style=\"width: 31.2903%; vertical-align: top; height: 26px;\" width=\"214\"><strong>PERU<\/strong><\/td>\n<td style=\"width: 35.2688%; vertical-align: top; height: 26px;\" width=\"242\"><strong>URUGUAY<\/strong><\/td>\n<\/tr>\n<tr style=\"height: 26px;\">\n<td style=\"width: 31.2903%; vertical-align: top; height: 26px;\" width=\"214\"><strong>VENEZUELA<\/strong><\/td>\n<td style=\"width: 35.2688%; vertical-align: top; height: 26px;\" width=\"242\"><strong>\u00a0<\/strong><\/td>\n<\/tr>\n<\/tbody>\n<\/table>\n<blockquote>\n<p style=\"text-align: center;\"><strong>ACUERDAN:<\/strong><\/p>\n<p style=\"text-align: center;\"><strong>Crear y desarrollar una red regional sostenible en Am\u00e9rica Latina y el Caribe denominada RED DE OPTIMIZACI\u00d3N DE PROTECCI\u00d3N RADIOL\u00d3GICA OCUPACIONAL EN LATINOAM\u00c9RICA (REPROLAM).<\/strong><\/p>\n<\/blockquote>\n<p style=\"text-align: justify;\">En dicha reuni\u00f3n se cre\u00f3 el grupo promotor\u00a0 con un Comit\u00e9 Directivo integrado por expertos de Argentina, Brasil, Costa Rica, Per\u00fa y Uruguay.<\/p>\n<p style=\"text-align: justify;\"><span style=\"color: #000080;\"><strong>Junio 2010 &#8211;\u00a0 Reuni\u00f3n del Comit\u00e9 Directivo, en IRD, Rio de Janeiro, Brasil.\u00a0<\/strong> <\/span><\/p>\n<p>La creaci\u00f3n de REPROLAM se efectu\u00f3 en la reuni\u00f3n del Comit\u00e9 Directivo, en el Instituto de Radioprotecci\u00f3n y Dosimetr\u00eda (IRD), Rio de Janeiro Brasil del 27 de Junio al 1 de Julio 2011.<\/p>\n<p>En dicha reuni\u00f3n se discuti\u00f3 el primer Estatuto y las actividades a desarrollar hasta 2013.<\/p>\n<blockquote>\n<p style=\"text-align: center;\"><strong>SE CONSIDERA EL <u>29 DE JUNIO DE 2011<\/u>, FECHA EN LA CUAL SE APROB\u00d3 EL PRIMER ESTATUTO, COMO FECHA DE CREACI\u00d3N DE REPROLAM.<\/strong><\/p>\n<\/blockquote>\n<p style=\"text-align: justify;\">\n<p><a href=\"http:\/\/www.reprolam.com\/?page_id=1546\"><img loading=\"lazy\" decoding=\"async\" class=\"aligncenter wp-image-1553 size-full\" src=\"http:\/\/www.reprolam.com\/wp-content\/uploads\/2020\/11\/reunion.png\" alt=\"\" width=\"567\" height=\"118\" srcset=\"http:\/\/www.reprolam.com\/wp-content\/uploads\/2020\/11\/reunion.png 567w, http:\/\/www.reprolam.com\/wp-content\/uploads\/2020\/11\/reunion-300x62.png 300w\" sizes=\"(max-width: 567px) 100vw, 567px\" \/><\/a><\/p>\n<\/div>\n<\/div><\/div><\/div><\/div><div id=\"pgc-gb49-69f46886199bd-0-1\"  class=\"panel-grid-cell\" ><div id=\"panel-gb49-69f46886199bd-0-1-0\" class=\"so-panel widget widget_sow-simple-masonry panel-first-child panel-last-child\" data-index=\"1\" ><div\n\t\t\t\n\t\t\tclass=\"so-widget-sow-simple-masonry so-widget-sow-simple-masonry-default-e14a0aa780eb-49\"\n\t\t\t\n\t\t>\n\n\t<div class=\"sow-masonry-grid-preloader\"><div><\/div><div><\/div><div><\/div><div><\/div><\/div>\n<div class=\"sow-masonry-grid\"\n\tdata-layouts=\"{&quot;desktop&quot;:{&quot;numColumns&quot;:1,&quot;rowHeight&quot;:0,&quot;gutter&quot;:2},&quot;tablet&quot;:{&quot;breakPoint&quot;:768,&quot;numColumns&quot;:1,&quot;rowHeight&quot;:2,&quot;gutter&quot;:0},&quot;mobile&quot;:{&quot;breakPoint&quot;:480,&quot;numColumns&quot;:1,&quot;rowHeight&quot;:0,&quot;gutter&quot;:2}}\" data-layout-origin-left=\"true\" style=\"opacity: 0;\">\n\t\t\t\t<div class=\"sow-masonry-grid-item\" data-col-span=\"1\"\n\t\t\t\tdata-row-span=\"1\">\n\t\t\t\t\n\t\t\t\t\n\t\t\t\t<img loading=\"lazy\" decoding=\"async\" width=\"900\" height=\"600\" src=\"http:\/\/www.reprolam.com\/wp-content\/uploads\/2020\/10\/METRO-04.jpg\" class=\"sow-masonry-grid-image\" alt=\"\" title=\"\" srcset=\"http:\/\/www.reprolam.com\/wp-content\/uploads\/2020\/10\/METRO-04.jpg 900w, http:\/\/www.reprolam.com\/wp-content\/uploads\/2020\/10\/METRO-04-300x200.jpg 300w, http:\/\/www.reprolam.com\/wp-content\/uploads\/2020\/10\/METRO-04-768x512.jpg 768w, http:\/\/www.reprolam.com\/wp-content\/uploads\/2020\/10\/METRO-04-272x182.jpg 272w\" sizes=\"(max-width: 900px) 100vw, 900px\" \/>\n\t\t\t\t\n\t\t\t\t\t\t\t<\/div>\n\t\t\t\t\t\t<div class=\"sow-masonry-grid-item\" data-col-span=\"1\"\n\t\t\t\tdata-row-span=\"1\">\n\t\t\t\t\n\t\t\t\t\n\t\t\t\t<img loading=\"lazy\" decoding=\"async\" width=\"950\" height=\"768\" src=\"http:\/\/www.reprolam.com\/wp-content\/uploads\/2020\/09\/PR-USUARIO-2.jpg\" class=\"sow-masonry-grid-image\" alt=\"\" title=\"\" srcset=\"http:\/\/www.reprolam.com\/wp-content\/uploads\/2020\/09\/PR-USUARIO-2.jpg 950w, http:\/\/www.reprolam.com\/wp-content\/uploads\/2020\/09\/PR-USUARIO-2-300x243.jpg 300w, http:\/\/www.reprolam.com\/wp-content\/uploads\/2020\/09\/PR-USUARIO-2-768x621.jpg 768w\" sizes=\"(max-width: 950px) 100vw, 950px\" \/>\n\t\t\t\t\n\t\t\t\t\t\t\t<\/div>\n\t\t\t\t\t\t<div class=\"sow-masonry-grid-item\" data-col-span=\"1\"\n\t\t\t\tdata-row-span=\"1\">\n\t\t\t\t\n\t\t\t\t\n\t\t\t\t<img loading=\"lazy\" decoding=\"async\" width=\"900\" height=\"600\" src=\"http:\/\/www.reprolam.com\/wp-content\/uploads\/2020\/10\/PROT-RAD-03.jpg\" class=\"sow-masonry-grid-image\" alt=\"\" title=\"\" srcset=\"http:\/\/www.reprolam.com\/wp-content\/uploads\/2020\/10\/PROT-RAD-03.jpg 900w, http:\/\/www.reprolam.com\/wp-content\/uploads\/2020\/10\/PROT-RAD-03-300x200.jpg 300w, http:\/\/www.reprolam.com\/wp-content\/uploads\/2020\/10\/PROT-RAD-03-768x512.jpg 768w, http:\/\/www.reprolam.com\/wp-content\/uploads\/2020\/10\/PROT-RAD-03-272x182.jpg 272w\" sizes=\"(max-width: 900px) 100vw, 900px\" \/>\n\t\t\t\t\n\t\t\t\t\t\t\t<\/div>\n\t\t\t\t\t\t<div class=\"sow-masonry-grid-item\" data-col-span=\"1\"\n\t\t\t\tdata-row-span=\"1\">\n\t\t\t\t\n\t\t\t\t\n\t\t\t\t<img loading=\"lazy\" decoding=\"async\" width=\"240\" height=\"240\" src=\"http:\/\/www.reprolam.com\/wp-content\/uploads\/2020\/10\/PR-USUARIO.jpg\" class=\"sow-masonry-grid-image\" alt=\"\" title=\"\" srcset=\"http:\/\/www.reprolam.com\/wp-content\/uploads\/2020\/10\/PR-USUARIO.jpg 240w, http:\/\/www.reprolam.com\/wp-content\/uploads\/2020\/10\/PR-USUARIO-150x150.jpg 150w, http:\/\/www.reprolam.com\/wp-content\/uploads\/2020\/10\/PR-USUARIO-230x230.jpg 230w\" sizes=\"(max-width: 240px) 100vw, 240px\" \/>\n\t\t\t\t\n\t\t\t\t\t\t\t<\/div>\n\t\t\t\t\t\t<div class=\"sow-masonry-grid-item\" data-col-span=\"1\"\n\t\t\t\tdata-row-span=\"1\">\n\t\t\t\t\n\t\t\t\t\n\t\t\t\t<img loading=\"lazy\" decoding=\"async\" width=\"900\" height=\"600\" src=\"http:\/\/www.reprolam.com\/wp-content\/uploads\/2020\/09\/PR-USUARIOS-01.jpg\" class=\"sow-masonry-grid-image\" alt=\"\" title=\"\" srcset=\"http:\/\/www.reprolam.com\/wp-content\/uploads\/2020\/09\/PR-USUARIOS-01.jpg 900w, http:\/\/www.reprolam.com\/wp-content\/uploads\/2020\/09\/PR-USUARIOS-01-300x200.jpg 300w, http:\/\/www.reprolam.com\/wp-content\/uploads\/2020\/09\/PR-USUARIOS-01-768x512.jpg 768w, http:\/\/www.reprolam.com\/wp-content\/uploads\/2020\/09\/PR-USUARIOS-01-272x182.jpg 272w\" sizes=\"(max-width: 900px) 100vw, 900px\" \/>\n\t\t\t\t\n\t\t\t\t\t\t\t<\/div>\n\t\t\t\n<\/div>\n<\/div><\/div><\/div><\/div><\/div>","protected":false},"excerpt":{"rendered":"<p>&nbsp; 2002\u00a0 (Ginebra, Suiza), 2003 (Rabat, Marruecos) En la Conferencia sobre Protecci\u00f3n Radiol\u00f3gica Ocupacional celebrada en Ginebra, Suiza en 2002 y\u00a0 en la Conferencia Internacional sobre Infraestructuras Nacionales para la seguridad radiol\u00f3gica, celebrada en 2003 (Rabat, Marruecos), se destac\u00f3 en<\/p>\n","protected":false},"author":1,"featured_media":0,"parent":0,"menu_order":0,"comment_status":"closed","ping_status":"closed","template":"page-templates\/page-builder.php","meta":{"footnotes":""},"_links":{"self":[{"href":"http:\/\/www.reprolam.com\/index.php?rest_route=\/wp\/v2\/pages\/49"}],"collection":[{"href":"http:\/\/www.reprolam.com\/index.php?rest_route=\/wp\/v2\/pages"}],"about":[{"href":"http:\/\/www.reprolam.com\/index.php?rest_route=\/wp\/v2\/types\/page"}],"author":[{"embeddable":true,"href":"http:\/\/www.reprolam.com\/index.php?rest_route=\/wp\/v2\/users\/1"}],"replies":[{"embeddable":true,"href":"http:\/\/www.reprolam.com\/index.php?rest_route=%2Fwp%2Fv2%2Fcomments&post=49"}],"version-history":[{"count":19,"href":"http:\/\/www.reprolam.com\/index.php?rest_route=\/wp\/v2\/pages\/49\/revisions"}],"predecessor-version":[{"id":1555,"href":"http:\/\/www.reprolam.com\/index.php?rest_route=\/wp\/v2\/pages\/49\/revisions\/1555"}],"wp:attachment":[{"href":"http:\/\/www.reprolam.com\/index.php?rest_route=%2Fwp%2Fv2%2Fmedia&parent=49"}],"curies":[{"name":"wp","href":"https:\/\/api.w.org\/{rel}","templated":true}]}}